{"id":7021,"date":"2021-05-02T12:06:03","date_gmt":"2021-05-02T12:06:03","guid":{"rendered":"https:\/\/magyarpenclub.hu\/startseite\/"},"modified":"2026-02-04T16:09:09","modified_gmt":"2026-02-04T16:09:09","slug":"startseite","status":"publish","type":"page","link":"https:\/\/magyarpenclub.hu\/de\/","title":{"rendered":"Startseite"},"content":{"rendered":"\t\t<div data-elementor-type=\"wp-page\" data-elementor-id=\"7021\" class=\"elementor elementor-7021 elementor-2446\" data-elementor-post-type=\"page\">\n\t\t\t\t\t\t<section class=\"elementor-section elementor-top-section elementor-element elementor-element-973ea5b elementor-section-full_width elementor-section-height-default elementor-section-height-default\" data-id=\"973ea5b\" data-element_type=\"section\" data-e-type=\"section\">\n\t\t\t\t\t\t<div class=\"elementor-container elementor-column-gap-default\">\n\t\t\t\t\t<div class=\"elementor-column elementor-col-100 elementor-top-column elementor-element elementor-element-71402e1\" data-id=\"71402e1\" data-element_type=\"column\" data-e-type=\"column\">\n\t\t\t<div class=\"elementor-widget-wrap elementor-element-populated\">\n\t\t\t\t\t\t<div class=\"elementor-element elementor-element-07615dc elementor--h-position-center elementor--v-position-middle elementor-arrows-position-inside elementor-pagination-position-inside elementor-widget elementor-widget-slides\" data-id=\"07615dc\" data-element_type=\"widget\" data-e-type=\"widget\" data-settings=\"{&quot;navigation&quot;:&quot;both&quot;,&quot;autoplay&quot;:&quot;yes&quot;,&quot;pause_on_hover&quot;:&quot;yes&quot;,&quot;pause_on_interaction&quot;:&quot;yes&quot;,&quot;autoplay_speed&quot;:5000,&quot;infinite&quot;:&quot;yes&quot;,&quot;transition&quot;:&quot;slide&quot;,&quot;transition_speed&quot;:500}\" data-widget_type=\"slides.default\">\n\t\t\t\t<div class=\"elementor-widget-container\">\n\t\t\t\t\t\t\t\t\t<div class=\"elementor-swiper\">\n\t\t\t\t\t<div class=\"elementor-slides-wrapper elementor-main-swiper swiper\" role=\"region\" aria-roledescription=\"carousel\" aria-label=\"Di\u00e1k\" dir=\"ltr\" data-animation=\"zoomIn\">\n\t\t\t\t<div class=\"swiper-wrapper elementor-slides\">\n\t\t\t\t\t\t\t\t\t\t<div class=\"elementor-repeater-item-0c8155a swiper-slide\" role=\"group\" aria-roledescription=\"slide\"><div class=\"swiper-slide-bg elementor-ken-burns elementor-ken-burns--in\" role=\"img\" aria-label=\"hungary-4848045_1920.jpg\"><\/div><div class=\"swiper-slide-inner\" ><div class=\"swiper-slide-contents\"><div class=\"elementor-slide-heading\">Willkommen auf der<\/div><div class=\"elementor-slide-description\">Website des ungarischen P.E.N.-Clubs.<\/div><\/div><\/div><\/div><div class=\"elementor-repeater-item-4c01c61 swiper-slide\" role=\"group\" aria-roledescription=\"slide\"><div class=\"swiper-slide-bg elementor-ken-burns elementor-ken-burns--in\" role=\"img\" aria-label=\"jakob-dalbjorn-cuKJre3nyYc-unsplash-scaled-1.jpg\"><\/div><div class=\"elementor-background-overlay\"><\/div><a class=\"swiper-slide-inner\" href=\"https:\/\/magyarpenclub.hu\/de\/kategorie\/veranstaltung\/\"><div class=\"swiper-slide-contents\"><div class=\"elementor-slide-heading\">Veranstaltungen<\/div><div class=\"elementor-slide-description\">Vergangene und kommende Veranstaltungen des P.E.N.-Clubs!<\/div><div  class=\"elementor-button elementor-slide-button elementor-size-sm\">Zu den Veranstaltungen<\/div><\/div><\/a><\/div><div class=\"elementor-repeater-item-2164adc swiper-slide\" role=\"group\" aria-roledescription=\"slide\"><div class=\"swiper-slide-bg elementor-ken-burns elementor-ken-burns--in\" role=\"img\" aria-label=\"young-woman-sitting-bridge-budapest-with-book-her-hand.jpg\"><\/div><div class=\"elementor-background-overlay\"><\/div><a class=\"swiper-slide-inner\" href=\"https:\/\/magyarpenclub.hu\/de\/geschichte-aus\/\"><div class=\"swiper-slide-contents\"><div class=\"elementor-slide-heading\">Einf\u00fchrung<\/div><div class=\"elementor-slide-description\">Geschichte des P.E.N.-Clubs<\/div><div  class=\"elementor-button elementor-slide-button elementor-size-sm\">von den Anf\u00e4ngen bis zur Gegenwart.<\/div><\/div><\/a><\/div><div class=\"elementor-repeater-item-e3c046d swiper-slide\" role=\"group\" aria-roledescription=\"slide\"><div class=\"swiper-slide-bg elementor-ken-burns elementor-ken-burns--in\" role=\"img\" aria-label=\"umbrella-4290155_1920.jpg\"><\/div><div class=\"elementor-background-overlay\"><\/div><a class=\"swiper-slide-inner\" href=\"https:\/\/magyarpenclub.hu\/de\/mitglieder\/\"><div class=\"swiper-slide-contents\"><div class=\"elementor-slide-heading\">Mitglieder<\/div><div class=\"elementor-slide-description\">Mitglieder des P.E.N.-Clubs<\/div><div  class=\"elementor-button elementor-slide-button elementor-size-sm\">Datenbank der Mitglieder<\/div><\/div><\/a><\/div><div class=\"elementor-repeater-item-4999fcd swiper-slide\" role=\"group\" aria-roledescription=\"slide\"><div class=\"swiper-slide-bg elementor-ken-burns elementor-ken-burns--in\" role=\"img\" aria-label=\"daniel-olah-LONkQ5CPwU8-unsplash-scaled-1-scaled.jpg\"><\/div><div class=\"elementor-background-overlay\"><\/div><a class=\"swiper-slide-inner\" href=\"https:\/\/magyarpenclub.hu\/de\/kategorie\/in-memoriam-de\/\"><div class=\"swiper-slide-contents\"><div class=\"elementor-slide-heading\">Erinnerungsst\u00fccke<\/div><div class=\"elementor-slide-description\">In memoriam<\/div><div  class=\"elementor-button elementor-slide-button elementor-size-sm\">PEN Club Gedenkseite<\/div><\/div><\/a><\/div>\t\t\t\t<\/div>\n\t\t\t\t\t\t\t\t\t\t\t\t\t\t\t<div class=\"elementor-swiper-button elementor-swiper-button-prev\" role=\"button\" tabindex=\"0\" aria-label=\"Vorheriger Slide\">\n\t\t\t\t\t\t\t<i aria-hidden=\"true\" class=\"eicon-chevron-left\"><\/i>\t\t\t\t\t\t<\/div>\n\t\t\t\t\t\t<div class=\"elementor-swiper-button elementor-swiper-button-next\" role=\"button\" tabindex=\"0\" aria-label=\"N\u00e4chster Slide\">\n\t\t\t\t\t\t\t<i aria-hidden=\"true\" class=\"eicon-chevron-right\"><\/i>\t\t\t\t\t\t<\/div>\n\t\t\t\t\t\t\t\t\t\t\t\t\t\t\t\t<div class=\"swiper-pagination\"><\/div>\n\t\t\t\t\t\t\t\t\t\t\t\t<\/div>\n\t\t\t\t<\/div>\n\t\t\t\t\t\t\t\t<\/div>\n\t\t\t\t<\/div>\n\t\t\t\t\t<\/div>\n\t\t<\/div>\n\t\t\t\t\t<\/div>\n\t\t<\/section>\n\t\t\t\t<section class=\"elementor-section elementor-top-section elementor-element elementor-element-7549cbe elementor-section-full_width elementor-section-height-default elementor-section-height-default\" data-id=\"7549cbe\" data-element_type=\"section\" data-e-type=\"section\" data-settings=\"{&quot;background_background&quot;:&quot;classic&quot;}\">\n\t\t\t\t\t\t\t<div class=\"elementor-background-overlay\"><\/div>\n\t\t\t\t\t\t\t<div class=\"elementor-container elementor-column-gap-wide\">\n\t\t\t\t\t<div class=\"elementor-column elementor-col-100 elementor-top-column elementor-element elementor-element-cabef31\" data-id=\"cabef31\" data-element_type=\"column\" data-e-type=\"column\" data-settings=\"{&quot;background_background&quot;:&quot;classic&quot;}\">\n\t\t\t<div class=\"elementor-widget-wrap elementor-element-populated\">\n\t\t\t\t\t<div class=\"elementor-background-overlay\"><\/div>\n\t\t\t\t\t\t<div class=\"elementor-element elementor-element-55e5360 elementor-widget elementor-widget-heading\" data-id=\"55e5360\" data-element_type=\"widget\" data-e-type=\"widget\" data-widget_type=\"heading.default\">\n\t\t\t\t<div class=\"elementor-widget-container\">\n\t\t\t\t\t<h2 class=\"elementor-heading-title elementor-size-default\"><a href=\"\/bolt\/\">Toast<\/a><\/h2>\t\t\t\t<\/div>\n\t\t\t\t<\/div>\n\t\t\t\t<div class=\"elementor-element elementor-element-780f19a elementor-widget elementor-widget-spacer\" data-id=\"780f19a\" data-element_type=\"widget\" data-e-type=\"widget\" data-widget_type=\"spacer.default\">\n\t\t\t\t<div class=\"elementor-widget-container\">\n\t\t\t\t\t\t\t<div class=\"elementor-spacer\">\n\t\t\t<div class=\"elementor-spacer-inner\"><\/div>\n\t\t<\/div>\n\t\t\t\t\t\t<\/div>\n\t\t\t\t<\/div>\n\t\t\t\t<section class=\"elementor-section elementor-inner-section elementor-element elementor-element-e49ac85 elementor-section-boxed elementor-section-height-default elementor-section-height-default\" data-id=\"e49ac85\" data-element_type=\"section\" data-e-type=\"section\">\n\t\t\t\t\t\t<div class=\"elementor-container elementor-column-gap-default\">\n\t\t\t\t\t<div class=\"elementor-column elementor-col-50 elementor-inner-column elementor-element elementor-element-3111a09\" data-id=\"3111a09\" data-element_type=\"column\" data-e-type=\"column\">\n\t\t\t<div class=\"elementor-widget-wrap elementor-element-populated\">\n\t\t\t\t\t\t<div class=\"elementor-element elementor-element-d9eea4d elementor-widget elementor-widget-text-editor\" data-id=\"d9eea4d\" data-element_type=\"widget\" data-e-type=\"widget\" data-widget_type=\"text-editor.default\">\n\t\t\t\t<div class=\"elementor-widget-container\">\n\t\t\t\t\t\t\t\t\t<p>Die verehrte Generalversammlung w\u00e4hlte am 28. Mai 2025 den Pr\u00e4sidenten des Ungarischen PEN-Clubs. In den vergangenen anderthalb Jahrzehnten habe ich als Generalsekret\u00e4r daf\u00fcr gewirkt, dass die traditionsreiche Schriftstellerorganisation, die 2026 ihr hundertj\u00e4hriges Bestehen feiert, die ewige Sache der Meinungsfreiheit w\u00fcrdevoll vertritt und ihrer Rolle als kulturelle Br\u00fccke gerecht wird, f\u00fcr die sie damals gegr\u00fcndet wurde. Laut Protokoll sagte Dezs\u0151 Kosztol\u00e1nyi bei seiner Wahl zum Pr\u00e4sidenten: \u201eEs ist gut, dass ich Pr\u00e4sident geworden bin, aber was wird in hundert Jahren aus uns werden, und wer wird dann Pr\u00e4sident sein?\u201c Dieser Satz ist bindend. Er gilt f\u00fcr mich und alle, die diese traditionsreiche Organisation, die viele St\u00fcrme \u00fcberstanden hat, als unser Eigentum empfinden.<\/p>\t\t\t\t\t\t\t\t<\/div>\n\t\t\t\t<\/div>\n\t\t\t\t<div class=\"elementor-element elementor-element-1d8b750 elementor-widget elementor-widget-spacer\" data-id=\"1d8b750\" data-element_type=\"widget\" data-e-type=\"widget\" data-widget_type=\"spacer.default\">\n\t\t\t\t<div class=\"elementor-widget-container\">\n\t\t\t\t\t\t\t<div class=\"elementor-spacer\">\n\t\t\t<div class=\"elementor-spacer-inner\"><\/div>\n\t\t<\/div>\n\t\t\t\t\t\t<\/div>\n\t\t\t\t<\/div>\n\t\t\t\t<div class=\"elementor-element elementor-element-9606c3d elementor-widget elementor-widget-text-editor\" data-id=\"9606c3d\" data-element_type=\"widget\" data-e-type=\"widget\" data-widget_type=\"text-editor.default\">\n\t\t\t\t<div class=\"elementor-widget-container\">\n\t\t\t\t\t\t\t\t\t<p>Istv\u00e1n Turczi<br \/><em>Pr\u00e4sident des Ungarischen PEN-Clubs<br \/><\/em><\/p>\t\t\t\t\t\t\t\t<\/div>\n\t\t\t\t<\/div>\n\t\t\t\t\t<\/div>\n\t\t<\/div>\n\t\t\t\t<div class=\"elementor-column elementor-col-50 elementor-inner-column elementor-element elementor-element-c3e56f6\" data-id=\"c3e56f6\" data-element_type=\"column\" data-e-type=\"column\">\n\t\t\t<div class=\"elementor-widget-wrap\">\n\t\t\t\t\t\t\t<\/div>\n\t\t<\/div>\n\t\t\t\t\t<\/div>\n\t\t<\/section>\n\t\t\t\t\t<\/div>\n\t\t<\/div>\n\t\t\t\t\t<\/div>\n\t\t<\/section>\n\t\t\t\t<section class=\"elementor-section elementor-top-section elementor-element elementor-element-46609a2 elementor-section-full_width elementor-section-height-default elementor-section-height-default\" data-id=\"46609a2\" data-element_type=\"section\" data-e-type=\"section\" data-settings=\"{&quot;background_background&quot;:&quot;classic&quot;}\">\n\t\t\t\t\t\t<div class=\"elementor-container elementor-column-gap-wide\">\n\t\t\t\t\t<div class=\"elementor-column elementor-col-100 elementor-top-column elementor-element elementor-element-672eab3\" data-id=\"672eab3\" data-element_type=\"column\" data-e-type=\"column\">\n\t\t\t<div class=\"elementor-widget-wrap elementor-element-populated\">\n\t\t\t\t\t\t<div class=\"elementor-element elementor-element-a832011 elementor-widget elementor-widget-heading\" data-id=\"a832011\" data-element_type=\"widget\" data-e-type=\"widget\" data-widget_type=\"heading.default\">\n\t\t\t\t<div class=\"elementor-widget-container\">\n\t\t\t\t\t<h2 class=\"elementor-heading-title elementor-size-default\"><a href=\"\/bolt\/\">Buchempfehlungen<\/a><\/h2>\t\t\t\t<\/div>\n\t\t\t\t<\/div>\n\t\t\t\t<section class=\"elementor-section elementor-inner-section elementor-element elementor-element-437ba7b elementor-section-boxed elementor-section-height-default elementor-section-height-default\" data-id=\"437ba7b\" data-element_type=\"section\" data-e-type=\"section\">\n\t\t\t\t\t\t<div class=\"elementor-container elementor-column-gap-default\">\n\t\t\t\t\t<div class=\"elementor-column elementor-col-50 elementor-inner-column elementor-element elementor-element-ef0f5e0\" data-id=\"ef0f5e0\" data-element_type=\"column\" data-e-type=\"column\">\n\t\t\t<div class=\"elementor-widget-wrap elementor-element-populated\">\n\t\t\t\t\t\t<div class=\"elementor-element elementor-element-20ec3b1 elementor-widget elementor-widget-image\" data-id=\"20ec3b1\" data-element_type=\"widget\" data-e-type=\"widget\" data-widget_type=\"image.default\">\n\t\t\t\t<div class=\"elementor-widget-container\">\n\t\t\t\t\t\t\t\t\t\t\t\t\t\t\t<img decoding=\"async\" width=\"768\" height=\"576\" src=\"https:\/\/magyarpenclub.hu\/wp-content\/uploads\/2025\/03\/janus-pannonius-collecion-de-poemas-1-1-768x576.webp\" class=\"attachment-medium_large size-medium_large wp-image-11200\" alt=\"\" srcset=\"https:\/\/magyarpenclub.hu\/wp-content\/uploads\/2025\/03\/janus-pannonius-collecion-de-poemas-1-1-768x576.webp 768w, https:\/\/magyarpenclub.hu\/wp-content\/uploads\/2025\/03\/janus-pannonius-collecion-de-poemas-1-1-1000x750.webp 1000w, https:\/\/magyarpenclub.hu\/wp-content\/uploads\/2025\/03\/janus-pannonius-collecion-de-poemas-1-1-300x225.webp 300w, https:\/\/magyarpenclub.hu\/wp-content\/uploads\/2025\/03\/janus-pannonius-collecion-de-poemas-1-1-1024x768.webp 1024w, https:\/\/magyarpenclub.hu\/wp-content\/uploads\/2025\/03\/janus-pannonius-collecion-de-poemas-1-1-1536x1152.webp 1536w, https:\/\/magyarpenclub.hu\/wp-content\/uploads\/2025\/03\/janus-pannonius-collecion-de-poemas-1-1.webp 1920w\" sizes=\"(max-width: 768px) 100vw, 768px\" \/>\t\t\t\t\t\t\t\t\t\t\t\t\t\t\t<\/div>\n\t\t\t\t<\/div>\n\t\t\t\t\t<\/div>\n\t\t<\/div>\n\t\t\t\t<div class=\"elementor-column elementor-col-50 elementor-inner-column elementor-element elementor-element-6f8f414\" data-id=\"6f8f414\" data-element_type=\"column\" data-e-type=\"column\">\n\t\t\t<div class=\"elementor-widget-wrap elementor-element-populated\">\n\t\t\t\t\t\t<div class=\"elementor-element elementor-element-57d65e3 elementor-widget elementor-widget-heading\" data-id=\"57d65e3\" data-element_type=\"widget\" data-e-type=\"widget\" data-widget_type=\"heading.default\">\n\t\t\t\t<div class=\"elementor-widget-container\">\n\t\t\t\t\t<h3 class=\"elementor-heading-title elementor-size-default\">Janus Pannonius<\/h3>\t\t\t\t<\/div>\n\t\t\t\t<\/div>\n\t\t\t\t<div class=\"elementor-element elementor-element-505d5ad elementor-widget elementor-widget-heading\" data-id=\"505d5ad\" data-element_type=\"widget\" data-e-type=\"widget\" data-widget_type=\"heading.default\">\n\t\t\t\t<div class=\"elementor-widget-container\">\n\t\t\t\t\t<h2 class=\"elementor-heading-title elementor-size-default\">Colleci\u00f3n de poemas<\/h2>\t\t\t\t<\/div>\n\t\t\t\t<\/div>\n\t\t\t\t<div class=\"elementor-element elementor-element-013fba0 elementor-widget elementor-widget-text-editor\" data-id=\"013fba0\" data-element_type=\"widget\" data-e-type=\"widget\" data-widget_type=\"text-editor.default\">\n\t\t\t\t<div class=\"elementor-widget-container\">\n\t\t\t\t\t\t\t\t\t<p>Der gro\u00dfe humanistische Dichter Janus Pannonius hat eine Auswahl von 62 seiner Gedichte ver\u00f6ffentlicht, die zum ersten Mal auf Spanisch erschienen sind.<\/p>\t\t\t\t\t\t\t\t<\/div>\n\t\t\t\t<\/div>\n\t\t\t\t<div class=\"elementor-element elementor-element-1c7bc09 elementor-widget elementor-widget-heading\" data-id=\"1c7bc09\" data-element_type=\"widget\" data-e-type=\"widget\" data-widget_type=\"heading.default\">\n\t\t\t\t<div class=\"elementor-widget-container\">\n\t\t\t\t\t<span class=\"elementor-heading-title elementor-size-default\">2900 Ft<\/span>\t\t\t\t<\/div>\n\t\t\t\t<\/div>\n\t\t\t\t<div class=\"elementor-element elementor-element-a7db757 elementor-widget elementor-widget-button\" data-id=\"a7db757\" data-element_type=\"widget\" data-e-type=\"widget\" data-widget_type=\"button.default\">\n\t\t\t\t<div class=\"elementor-widget-container\">\n\t\t\t\t\t\t\t\t\t<div class=\"elementor-button-wrapper\">\n\t\t\t\t\t<a class=\"elementor-button elementor-button-link elementor-size-sm\" href=\"https:\/\/magyarpenclub.hu\/de\/produkt\/janus-pannonius-coleccion-de-poemas\/\">\n\t\t\t\t\t\t<span class=\"elementor-button-content-wrapper\">\n\t\t\t\t\t\t\t\t\t<span class=\"elementor-button-text\">Weiter zum Buch<\/span>\n\t\t\t\t\t<\/span>\n\t\t\t\t\t<\/a>\n\t\t\t\t<\/div>\n\t\t\t\t\t\t\t\t<\/div>\n\t\t\t\t<\/div>\n\t\t\t\t\t<\/div>\n\t\t<\/div>\n\t\t\t\t\t<\/div>\n\t\t<\/section>\n\t\t\t\t\t<\/div>\n\t\t<\/div>\n\t\t\t\t\t<\/div>\n\t\t<\/section>\n\t\t\t\t<section class=\"elementor-section elementor-top-section elementor-element elementor-element-0c6189c elementor-section-full_width elementor-section-height-default elementor-section-height-default\" data-id=\"0c6189c\" data-element_type=\"section\" data-e-type=\"section\" data-settings=\"{&quot;background_background&quot;:&quot;classic&quot;}\">\n\t\t\t\t\t\t\t<div class=\"elementor-background-overlay\"><\/div>\n\t\t\t\t\t\t\t<div class=\"elementor-container elementor-column-gap-wide\">\n\t\t\t\t\t<div class=\"elementor-column elementor-col-100 elementor-top-column elementor-element elementor-element-eae1827\" data-id=\"eae1827\" data-element_type=\"column\" data-e-type=\"column\" data-settings=\"{&quot;animation_tablet&quot;:&quot;zoomIn&quot;}\">\n\t\t\t<div class=\"elementor-widget-wrap elementor-element-populated\">\n\t\t\t\t\t\t<div class=\"elementor-element elementor-element-f3787cd elementor-widget elementor-widget-heading\" data-id=\"f3787cd\" data-element_type=\"widget\" data-e-type=\"widget\" data-widget_type=\"heading.default\">\n\t\t\t\t<div class=\"elementor-widget-container\">\n\t\t\t\t\t<h2 class=\"elementor-heading-title elementor-size-default\"><a href=\"https:\/\/magyarpenclub.hu\/de\/shop\/\">Mehr lesen<\/a><\/h2>\t\t\t\t<\/div>\n\t\t\t\t<\/div>\n\t\t\t\t<div class=\"woocommerce elementor-element elementor-element-a420a16 elementor-pagination-type-bullets elementor-arrows-position-inside elementor-pagination-position-outside elementor-widget elementor-widget-loop-carousel\" data-id=\"a420a16\" data-element_type=\"widget\" data-e-type=\"widget\" data-settings=\"{&quot;_skin&quot;:&quot;product&quot;,&quot;template_id&quot;:12224,&quot;slides_to_show&quot;:&quot;3&quot;,&quot;slides_to_show_tablet&quot;:&quot;2&quot;,&quot;slides_to_show_mobile&quot;:&quot;1&quot;,&quot;slides_to_scroll&quot;:&quot;1&quot;,&quot;edit_handle_selector&quot;:&quot;.elementor-loop-container&quot;,&quot;autoplay&quot;:&quot;yes&quot;,&quot;autoplay_speed&quot;:5000,&quot;pause_on_hover&quot;:&quot;yes&quot;,&quot;pause_on_interaction&quot;:&quot;yes&quot;,&quot;infinite&quot;:&quot;yes&quot;,&quot;speed&quot;:500,&quot;offset_sides&quot;:&quot;none&quot;,&quot;arrows&quot;:&quot;yes&quot;,&quot;pagination&quot;:&quot;bullets&quot;,&quot;image_spacing_custom&quot;:{&quot;unit&quot;:&quot;px&quot;,&quot;size&quot;:10,&quot;sizes&quot;:[]},&quot;image_spacing_custom_tablet&quot;:{&quot;unit&quot;:&quot;px&quot;,&quot;size&quot;:&quot;&quot;,&quot;sizes&quot;:[]},&quot;image_spacing_custom_mobile&quot;:{&quot;unit&quot;:&quot;px&quot;,&quot;size&quot;:&quot;&quot;,&quot;sizes&quot;:[]}}\" data-widget_type=\"loop-carousel.product\">\n\t\t\t\t<div class=\"elementor-widget-container\">\n\t\t\t\t\t\t\t<div class=\"swiper elementor-loop-container elementor-grid\" role=\"list\" dir=\"ltr\">\n\t\t\t\t<div class=\"swiper-wrapper\" aria-live=\"off\">\n\t\t<style id=\"loop-12224\">.elementor-12224 .elementor-element.elementor-element-3642755{text-align:center;}.elementor-12224 .elementor-element.elementor-element-3642755 .elementor-heading-title{font-size:18px;}.elementor-12224 .elementor-element.elementor-element-f4e4485{text-align:center;}.woocommerce .elementor-12224 .elementor-element.elementor-element-f4e4485 .price{font-family:\"Arial\", Sans-serif;font-size:20px;font-weight:bold;}<\/style>\t\t<div data-elementor-type=\"loop-item\" data-elementor-id=\"12224\" class=\"elementor elementor-12224 swiper-slide e-loop-item e-loop-item-7991 post-7991 product type-product status-publish has-post-thumbnail product_cat-buch product_tag-gedicht first instock shipping-taxable purchasable product-type-simple\" data-elementor-post-type=\"elementor_library\" role=\"group\" aria-roledescription=\"slide\" data-custom-edit-handle=\"1\">\n\t\t\t\t\t<section class=\"elementor-section elementor-top-section elementor-element elementor-element-d5bee24 elementor-section-boxed elementor-section-height-default elementor-section-height-default\" data-id=\"d5bee24\" data-element_type=\"section\" data-e-type=\"section\">\n\t\t\t\t\t\t<div class=\"elementor-container elementor-column-gap-default\">\n\t\t\t\t\t<div class=\"elementor-column elementor-col-100 elementor-top-column elementor-element elementor-element-1fb4931\" data-id=\"1fb4931\" data-element_type=\"column\" data-e-type=\"column\">\n\t\t\t<div class=\"elementor-widget-wrap elementor-element-populated\">\n\t\t\t\t\t\t<div class=\"elementor-element elementor-element-4d83d63 elementor-widget elementor-widget-theme-post-featured-image elementor-widget-image\" data-id=\"4d83d63\" data-element_type=\"widget\" data-e-type=\"widget\" data-widget_type=\"theme-post-featured-image.default\">\n\t\t\t\t<div class=\"elementor-widget-container\">\n\t\t\t\t\t\t\t\t\t\t\t\t\t\t\t\t<a href=\"https:\/\/magyarpenclub.hu\/de\/produkt\/dorin-tudoran-gedichte-aus-ithaka\/\">\n\t\t\t\t\t\t\t<img decoding=\"async\" width=\"800\" height=\"600\" src=\"https:\/\/magyarpenclub.hu\/wp-content\/uploads\/2022\/05\/dorin-tudoran-poem-din-ithaca-ithakai-koltemenyek-poemata-ex-ithaca-magyar-pen-club-1024x768.png\" class=\"attachment-large size-large wp-image-6362\" alt=\"Dorin Tudoran: Gedichte aus Ithaka\" srcset=\"https:\/\/magyarpenclub.hu\/wp-content\/uploads\/2022\/05\/dorin-tudoran-poem-din-ithaca-ithakai-koltemenyek-poemata-ex-ithaca-magyar-pen-club-1024x768.png 1024w, https:\/\/magyarpenclub.hu\/wp-content\/uploads\/2022\/05\/dorin-tudoran-poem-din-ithaca-ithakai-koltemenyek-poemata-ex-ithaca-magyar-pen-club-1000x750.png 1000w, https:\/\/magyarpenclub.hu\/wp-content\/uploads\/2022\/05\/dorin-tudoran-poem-din-ithaca-ithakai-koltemenyek-poemata-ex-ithaca-magyar-pen-club-300x225.png 300w, https:\/\/magyarpenclub.hu\/wp-content\/uploads\/2022\/05\/dorin-tudoran-poem-din-ithaca-ithakai-koltemenyek-poemata-ex-ithaca-magyar-pen-club-768x576.png 768w, https:\/\/magyarpenclub.hu\/wp-content\/uploads\/2022\/05\/dorin-tudoran-poem-din-ithaca-ithakai-koltemenyek-poemata-ex-ithaca-magyar-pen-club-1536x1152.png 1536w, https:\/\/magyarpenclub.hu\/wp-content\/uploads\/2022\/05\/dorin-tudoran-poem-din-ithaca-ithakai-koltemenyek-poemata-ex-ithaca-magyar-pen-club.png 1920w\" sizes=\"(max-width: 800px) 100vw, 800px\" \/>\t\t\t\t\t\t\t\t<\/a>\n\t\t\t\t\t\t\t\t\t\t\t\t\t\t\t<\/div>\n\t\t\t\t<\/div>\n\t\t\t\t<div class=\"elementor-element elementor-element-3642755 elementor-widget elementor-widget-heading\" data-id=\"3642755\" data-element_type=\"widget\" data-e-type=\"widget\" data-widget_type=\"heading.default\">\n\t\t\t\t<div class=\"elementor-widget-container\">\n\t\t\t\t\t<h3 class=\"elementor-heading-title elementor-size-default\"><a href=\"https:\/\/magyarpenclub.hu\/de\/produkt\/dorin-tudoran-gedichte-aus-ithaka\/\">Dorin Tudoran: Gedichte aus Ithaka<\/a><\/h3>\t\t\t\t<\/div>\n\t\t\t\t<\/div>\n\t\t\t\t<div class=\"elementor-element elementor-element-f4e4485 elementor-widget elementor-widget-woocommerce-product-price\" data-id=\"f4e4485\" data-element_type=\"widget\" data-e-type=\"widget\" data-widget_type=\"woocommerce-product-price.default\">\n\t\t\t\t<div class=\"elementor-widget-container\">\n\t\t\t\t\t<p class=\"price\"><span class=\"woocommerce-Price-amount amount\"><bdi>2 000&nbsp;<span class=\"woocommerce-Price-currencySymbol\">&#70;&#116;<\/span><\/bdi><\/span><\/p>\n\t\t\t\t<\/div>\n\t\t\t\t<\/div>\n\t\t\t\t\t<\/div>\n\t\t<\/div>\n\t\t\t\t\t<\/div>\n\t\t<\/section>\n\t\t\t\t<\/div>\n\t\t\t\t<div data-elementor-type=\"loop-item\" data-elementor-id=\"12224\" class=\"elementor elementor-12224 swiper-slide e-loop-item e-loop-item-8033 post-8033 product type-product status-publish has-post-thumbnail product_cat-buch product_tag-gedicht  instock shipping-taxable purchasable product-type-simple\" data-elementor-post-type=\"elementor_library\" role=\"group\" aria-roledescription=\"slide\" data-custom-edit-handle=\"1\">\n\t\t\t\t\t<section class=\"elementor-section elementor-top-section elementor-element elementor-element-d5bee24 elementor-section-boxed elementor-section-height-default elementor-section-height-default\" data-id=\"d5bee24\" data-element_type=\"section\" data-e-type=\"section\">\n\t\t\t\t\t\t<div class=\"elementor-container elementor-column-gap-default\">\n\t\t\t\t\t<div class=\"elementor-column elementor-col-100 elementor-top-column elementor-element elementor-element-1fb4931\" data-id=\"1fb4931\" data-element_type=\"column\" data-e-type=\"column\">\n\t\t\t<div class=\"elementor-widget-wrap elementor-element-populated\">\n\t\t\t\t\t\t<div class=\"elementor-element elementor-element-4d83d63 elementor-widget elementor-widget-theme-post-featured-image elementor-widget-image\" data-id=\"4d83d63\" data-element_type=\"widget\" data-e-type=\"widget\" data-widget_type=\"theme-post-featured-image.default\">\n\t\t\t\t<div class=\"elementor-widget-container\">\n\t\t\t\t\t\t\t\t\t\t\t\t\t\t\t\t<a href=\"https:\/\/magyarpenclub.hu\/de\/produkt\/haim-dotan-regentropfen-regentropfen\/\">\n\t\t\t\t\t\t\t<img decoding=\"async\" width=\"800\" height=\"600\" src=\"https:\/\/magyarpenclub.hu\/wp-content\/uploads\/2022\/05\/haim-dotam-esocseppek-magyar-pen-club-1024x768.png\" class=\"attachment-large size-large wp-image-6374\" alt=\"Haim Dotan Regentropfen - Regentropfen\" srcset=\"https:\/\/magyarpenclub.hu\/wp-content\/uploads\/2022\/05\/haim-dotam-esocseppek-magyar-pen-club-1024x768.png 1024w, https:\/\/magyarpenclub.hu\/wp-content\/uploads\/2022\/05\/haim-dotam-esocseppek-magyar-pen-club-1000x750.png 1000w, https:\/\/magyarpenclub.hu\/wp-content\/uploads\/2022\/05\/haim-dotam-esocseppek-magyar-pen-club-300x225.png 300w, https:\/\/magyarpenclub.hu\/wp-content\/uploads\/2022\/05\/haim-dotam-esocseppek-magyar-pen-club-768x576.png 768w, https:\/\/magyarpenclub.hu\/wp-content\/uploads\/2022\/05\/haim-dotam-esocseppek-magyar-pen-club-1536x1152.png 1536w, https:\/\/magyarpenclub.hu\/wp-content\/uploads\/2022\/05\/haim-dotam-esocseppek-magyar-pen-club.png 1920w\" sizes=\"(max-width: 800px) 100vw, 800px\" \/>\t\t\t\t\t\t\t\t<\/a>\n\t\t\t\t\t\t\t\t\t\t\t\t\t\t\t<\/div>\n\t\t\t\t<\/div>\n\t\t\t\t<div class=\"elementor-element elementor-element-3642755 elementor-widget elementor-widget-heading\" data-id=\"3642755\" data-element_type=\"widget\" data-e-type=\"widget\" data-widget_type=\"heading.default\">\n\t\t\t\t<div class=\"elementor-widget-container\">\n\t\t\t\t\t<h3 class=\"elementor-heading-title elementor-size-default\"><a href=\"https:\/\/magyarpenclub.hu\/de\/produkt\/haim-dotan-regentropfen-regentropfen\/\">Haim Dotan Regentropfen &#8211; Regentropfen<\/a><\/h3>\t\t\t\t<\/div>\n\t\t\t\t<\/div>\n\t\t\t\t<div class=\"elementor-element elementor-element-f4e4485 elementor-widget elementor-widget-woocommerce-product-price\" data-id=\"f4e4485\" data-element_type=\"widget\" data-e-type=\"widget\" data-widget_type=\"woocommerce-product-price.default\">\n\t\t\t\t<div class=\"elementor-widget-container\">\n\t\t\t\t\t<p class=\"price\"><span class=\"woocommerce-Price-amount amount\"><bdi>1 500&nbsp;<span class=\"woocommerce-Price-currencySymbol\">&#70;&#116;<\/span><\/bdi><\/span><\/p>\n\t\t\t\t<\/div>\n\t\t\t\t<\/div>\n\t\t\t\t\t<\/div>\n\t\t<\/div>\n\t\t\t\t\t<\/div>\n\t\t<\/section>\n\t\t\t\t<\/div>\n\t\t\t\t<div data-elementor-type=\"loop-item\" data-elementor-id=\"12224\" class=\"elementor elementor-12224 swiper-slide e-loop-item e-loop-item-7981 post-7981 product type-product status-publish has-post-thumbnail product_cat-buch product_tag-gedicht  instock shipping-taxable purchasable product-type-simple\" data-elementor-post-type=\"elementor_library\" role=\"group\" aria-roledescription=\"slide\" data-custom-edit-handle=\"1\">\n\t\t\t\t\t<section class=\"elementor-section elementor-top-section elementor-element elementor-element-d5bee24 elementor-section-boxed elementor-section-height-default elementor-section-height-default\" data-id=\"d5bee24\" data-element_type=\"section\" data-e-type=\"section\">\n\t\t\t\t\t\t<div class=\"elementor-container elementor-column-gap-default\">\n\t\t\t\t\t<div class=\"elementor-column elementor-col-100 elementor-top-column elementor-element elementor-element-1fb4931\" data-id=\"1fb4931\" data-element_type=\"column\" data-e-type=\"column\">\n\t\t\t<div class=\"elementor-widget-wrap elementor-element-populated\">\n\t\t\t\t\t\t<div class=\"elementor-element elementor-element-4d83d63 elementor-widget elementor-widget-theme-post-featured-image elementor-widget-image\" data-id=\"4d83d63\" data-element_type=\"widget\" data-e-type=\"widget\" data-widget_type=\"theme-post-featured-image.default\">\n\t\t\t\t<div class=\"elementor-widget-container\">\n\t\t\t\t\t\t\t\t\t\t\t\t\t\t\t\t<a href=\"https:\/\/magyarpenclub.hu\/de\/produkt\/die-musik-die-ich-mit-dir-hoere-gedichte-von-adam-zagajewski\/\">\n\t\t\t\t\t\t\t<img decoding=\"async\" width=\"800\" height=\"600\" src=\"https:\/\/magyarpenclub.hu\/wp-content\/uploads\/2022\/05\/adam-zagajewsky-a-veled-hallgatott-zene-1024x768.png\" class=\"attachment-large size-large wp-image-6341\" alt=\"Die Musik, die ich mit dir h\u00f6re: Gedichte von Adam Zagajewski\" srcset=\"https:\/\/magyarpenclub.hu\/wp-content\/uploads\/2022\/05\/adam-zagajewsky-a-veled-hallgatott-zene-1024x768.png 1024w, https:\/\/magyarpenclub.hu\/wp-content\/uploads\/2022\/05\/adam-zagajewsky-a-veled-hallgatott-zene-1000x750.png 1000w, https:\/\/magyarpenclub.hu\/wp-content\/uploads\/2022\/05\/adam-zagajewsky-a-veled-hallgatott-zene-300x225.png 300w, https:\/\/magyarpenclub.hu\/wp-content\/uploads\/2022\/05\/adam-zagajewsky-a-veled-hallgatott-zene-768x576.png 768w, https:\/\/magyarpenclub.hu\/wp-content\/uploads\/2022\/05\/adam-zagajewsky-a-veled-hallgatott-zene-1536x1152.png 1536w, https:\/\/magyarpenclub.hu\/wp-content\/uploads\/2022\/05\/adam-zagajewsky-a-veled-hallgatott-zene.png 1920w\" sizes=\"(max-width: 800px) 100vw, 800px\" \/>\t\t\t\t\t\t\t\t<\/a>\n\t\t\t\t\t\t\t\t\t\t\t\t\t\t\t<\/div>\n\t\t\t\t<\/div>\n\t\t\t\t<div class=\"elementor-element elementor-element-3642755 elementor-widget elementor-widget-heading\" data-id=\"3642755\" data-element_type=\"widget\" data-e-type=\"widget\" data-widget_type=\"heading.default\">\n\t\t\t\t<div class=\"elementor-widget-container\">\n\t\t\t\t\t<h3 class=\"elementor-heading-title elementor-size-default\"><a href=\"https:\/\/magyarpenclub.hu\/de\/produkt\/die-musik-die-ich-mit-dir-hoere-gedichte-von-adam-zagajewski\/\">Die Musik, die ich mit dir h\u00f6re: Gedichte von Adam Zagajewski<\/a><\/h3>\t\t\t\t<\/div>\n\t\t\t\t<\/div>\n\t\t\t\t<div class=\"elementor-element elementor-element-f4e4485 elementor-widget elementor-widget-woocommerce-product-price\" data-id=\"f4e4485\" data-element_type=\"widget\" data-e-type=\"widget\" data-widget_type=\"woocommerce-product-price.default\">\n\t\t\t\t<div class=\"elementor-widget-container\">\n\t\t\t\t\t<p class=\"price\"><span class=\"woocommerce-Price-amount amount\"><bdi>2 000&nbsp;<span class=\"woocommerce-Price-currencySymbol\">&#70;&#116;<\/span><\/bdi><\/span><\/p>\n\t\t\t\t<\/div>\n\t\t\t\t<\/div>\n\t\t\t\t\t<\/div>\n\t\t<\/div>\n\t\t\t\t\t<\/div>\n\t\t<\/section>\n\t\t\t\t<\/div>\n\t\t\t\t<div data-elementor-type=\"loop-item\" data-elementor-id=\"12224\" class=\"elementor elementor-12224 swiper-slide e-loop-item e-loop-item-7989 post-7989 product type-product status-publish has-post-thumbnail product_cat-buch product_tag-gedicht last instock shipping-taxable purchasable product-type-simple\" data-elementor-post-type=\"elementor_library\" role=\"group\" aria-roledescription=\"slide\" data-custom-edit-handle=\"1\">\n\t\t\t\t\t<section class=\"elementor-section elementor-top-section elementor-element elementor-element-d5bee24 elementor-section-boxed elementor-section-height-default elementor-section-height-default\" data-id=\"d5bee24\" data-element_type=\"section\" data-e-type=\"section\">\n\t\t\t\t\t\t<div class=\"elementor-container elementor-column-gap-default\">\n\t\t\t\t\t<div class=\"elementor-column elementor-col-100 elementor-top-column elementor-element elementor-element-1fb4931\" data-id=\"1fb4931\" data-element_type=\"column\" data-e-type=\"column\">\n\t\t\t<div class=\"elementor-widget-wrap elementor-element-populated\">\n\t\t\t\t\t\t<div class=\"elementor-element elementor-element-4d83d63 elementor-widget elementor-widget-theme-post-featured-image elementor-widget-image\" data-id=\"4d83d63\" data-element_type=\"widget\" data-e-type=\"widget\" data-widget_type=\"theme-post-featured-image.default\">\n\t\t\t\t<div class=\"elementor-widget-container\">\n\t\t\t\t\t\t\t\t\t\t\t\t\t\t\t\t<a href=\"https:\/\/magyarpenclub.hu\/de\/produkt\/yang-lian-wo-das-meer-gefroren-ist\/\">\n\t\t\t\t\t\t\t<img decoding=\"async\" width=\"800\" height=\"600\" src=\"https:\/\/magyarpenclub.hu\/wp-content\/uploads\/2022\/05\/yang-lian-ahol-megdermed-a-tenger-1024x768.png\" class=\"attachment-large size-large wp-image-6401\" alt=\"Yang Lian: Wo das Meer gefroren ist\" srcset=\"https:\/\/magyarpenclub.hu\/wp-content\/uploads\/2022\/05\/yang-lian-ahol-megdermed-a-tenger-1024x768.png 1024w, https:\/\/magyarpenclub.hu\/wp-content\/uploads\/2022\/05\/yang-lian-ahol-megdermed-a-tenger-1000x750.png 1000w, https:\/\/magyarpenclub.hu\/wp-content\/uploads\/2022\/05\/yang-lian-ahol-megdermed-a-tenger-300x225.png 300w, https:\/\/magyarpenclub.hu\/wp-content\/uploads\/2022\/05\/yang-lian-ahol-megdermed-a-tenger-768x576.png 768w, https:\/\/magyarpenclub.hu\/wp-content\/uploads\/2022\/05\/yang-lian-ahol-megdermed-a-tenger-1536x1152.png 1536w, https:\/\/magyarpenclub.hu\/wp-content\/uploads\/2022\/05\/yang-lian-ahol-megdermed-a-tenger.png 1920w\" sizes=\"(max-width: 800px) 100vw, 800px\" \/>\t\t\t\t\t\t\t\t<\/a>\n\t\t\t\t\t\t\t\t\t\t\t\t\t\t\t<\/div>\n\t\t\t\t<\/div>\n\t\t\t\t<div class=\"elementor-element elementor-element-3642755 elementor-widget elementor-widget-heading\" data-id=\"3642755\" data-element_type=\"widget\" data-e-type=\"widget\" data-widget_type=\"heading.default\">\n\t\t\t\t<div class=\"elementor-widget-container\">\n\t\t\t\t\t<h3 class=\"elementor-heading-title elementor-size-default\"><a href=\"https:\/\/magyarpenclub.hu\/de\/produkt\/yang-lian-wo-das-meer-gefroren-ist\/\">Yang Lian: Wo das Meer gefroren ist<\/a><\/h3>\t\t\t\t<\/div>\n\t\t\t\t<\/div>\n\t\t\t\t<div class=\"elementor-element elementor-element-f4e4485 elementor-widget elementor-widget-woocommerce-product-price\" data-id=\"f4e4485\" data-element_type=\"widget\" data-e-type=\"widget\" data-widget_type=\"woocommerce-product-price.default\">\n\t\t\t\t<div class=\"elementor-widget-container\">\n\t\t\t\t\t<p class=\"price\"><span class=\"woocommerce-Price-amount amount\"><bdi>1 500&nbsp;<span class=\"woocommerce-Price-currencySymbol\">&#70;&#116;<\/span><\/bdi><\/span><\/p>\n\t\t\t\t<\/div>\n\t\t\t\t<\/div>\n\t\t\t\t\t<\/div>\n\t\t<\/div>\n\t\t\t\t\t<\/div>\n\t\t<\/section>\n\t\t\t\t<\/div>\n\t\t\t\t<div data-elementor-type=\"loop-item\" data-elementor-id=\"12224\" class=\"elementor elementor-12224 swiper-slide e-loop-item e-loop-item-8674 post-8674 product type-product status-publish has-post-thumbnail product_cat-buch product_tag-gedicht first instock shipping-taxable purchasable product-type-simple\" data-elementor-post-type=\"elementor_library\" role=\"group\" aria-roledescription=\"slide\" data-custom-edit-handle=\"1\">\n\t\t\t\t\t<section class=\"elementor-section elementor-top-section elementor-element elementor-element-d5bee24 elementor-section-boxed elementor-section-height-default elementor-section-height-default\" data-id=\"d5bee24\" data-element_type=\"section\" data-e-type=\"section\">\n\t\t\t\t\t\t<div class=\"elementor-container elementor-column-gap-default\">\n\t\t\t\t\t<div class=\"elementor-column elementor-col-100 elementor-top-column elementor-element elementor-element-1fb4931\" data-id=\"1fb4931\" data-element_type=\"column\" data-e-type=\"column\">\n\t\t\t<div class=\"elementor-widget-wrap elementor-element-populated\">\n\t\t\t\t\t\t<div class=\"elementor-element elementor-element-4d83d63 elementor-widget elementor-widget-theme-post-featured-image elementor-widget-image\" data-id=\"4d83d63\" data-element_type=\"widget\" data-e-type=\"widget\" data-widget_type=\"theme-post-featured-image.default\">\n\t\t\t\t<div class=\"elementor-widget-container\">\n\t\t\t\t\t\t\t\t\t\t\t\t\t\t\t\t<a href=\"https:\/\/magyarpenclub.hu\/de\/produkt\/clara-janes-nadal-lass-die-lampe-brennen\/\">\n\t\t\t\t\t\t\t<img decoding=\"async\" width=\"800\" height=\"600\" src=\"https:\/\/magyarpenclub.hu\/wp-content\/uploads\/2022\/05\/clara-janes-nadal-maradjon-egve-a-lampa-1024x768.png\" class=\"attachment-large size-large wp-image-6359\" alt=\"\" srcset=\"https:\/\/magyarpenclub.hu\/wp-content\/uploads\/2022\/05\/clara-janes-nadal-maradjon-egve-a-lampa-1024x768.png 1024w, https:\/\/magyarpenclub.hu\/wp-content\/uploads\/2022\/05\/clara-janes-nadal-maradjon-egve-a-lampa-1000x750.png 1000w, https:\/\/magyarpenclub.hu\/wp-content\/uploads\/2022\/05\/clara-janes-nadal-maradjon-egve-a-lampa-300x225.png 300w, https:\/\/magyarpenclub.hu\/wp-content\/uploads\/2022\/05\/clara-janes-nadal-maradjon-egve-a-lampa-768x576.png 768w, https:\/\/magyarpenclub.hu\/wp-content\/uploads\/2022\/05\/clara-janes-nadal-maradjon-egve-a-lampa-1536x1152.png 1536w, https:\/\/magyarpenclub.hu\/wp-content\/uploads\/2022\/05\/clara-janes-nadal-maradjon-egve-a-lampa.png 1920w\" sizes=\"(max-width: 800px) 100vw, 800px\" \/>\t\t\t\t\t\t\t\t<\/a>\n\t\t\t\t\t\t\t\t\t\t\t\t\t\t\t<\/div>\n\t\t\t\t<\/div>\n\t\t\t\t<div class=\"elementor-element elementor-element-3642755 elementor-widget elementor-widget-heading\" data-id=\"3642755\" data-element_type=\"widget\" data-e-type=\"widget\" data-widget_type=\"heading.default\">\n\t\t\t\t<div class=\"elementor-widget-container\">\n\t\t\t\t\t<h3 class=\"elementor-heading-title elementor-size-default\"><a href=\"https:\/\/magyarpenclub.hu\/de\/produkt\/clara-janes-nadal-lass-die-lampe-brennen\/\">Clara Jan\u00e9s Nadal: Lass die Lampe brennen<\/a><\/h3>\t\t\t\t<\/div>\n\t\t\t\t<\/div>\n\t\t\t\t<div class=\"elementor-element elementor-element-f4e4485 elementor-widget elementor-widget-woocommerce-product-price\" data-id=\"f4e4485\" data-element_type=\"widget\" data-e-type=\"widget\" data-widget_type=\"woocommerce-product-price.default\">\n\t\t\t\t<div class=\"elementor-widget-container\">\n\t\t\t\t\t<p class=\"price\"><span class=\"woocommerce-Price-amount amount\"><bdi>2 000&nbsp;<span class=\"woocommerce-Price-currencySymbol\">&#70;&#116;<\/span><\/bdi><\/span><\/p>\n\t\t\t\t<\/div>\n\t\t\t\t<\/div>\n\t\t\t\t\t<\/div>\n\t\t<\/div>\n\t\t\t\t\t<\/div>\n\t\t<\/section>\n\t\t\t\t<\/div>\n\t\t\t\t<div data-elementor-type=\"loop-item\" data-elementor-id=\"12224\" class=\"elementor elementor-12224 swiper-slide e-loop-item e-loop-item-7628 post-7628 product type-product status-publish has-post-thumbnail product_cat-buch product_tag-alfonso-lombana-sanchez-de product_tag-gedicht product_tag-janus-pannonius-de  instock shipping-taxable purchasable product-type-simple\" data-elementor-post-type=\"elementor_library\" role=\"group\" aria-roledescription=\"slide\" data-custom-edit-handle=\"1\">\n\t\t\t\t\t<section class=\"elementor-section elementor-top-section elementor-element elementor-element-d5bee24 elementor-section-boxed elementor-section-height-default elementor-section-height-default\" data-id=\"d5bee24\" data-element_type=\"section\" data-e-type=\"section\">\n\t\t\t\t\t\t<div class=\"elementor-container elementor-column-gap-default\">\n\t\t\t\t\t<div class=\"elementor-column elementor-col-100 elementor-top-column elementor-element elementor-element-1fb4931\" data-id=\"1fb4931\" data-element_type=\"column\" data-e-type=\"column\">\n\t\t\t<div class=\"elementor-widget-wrap elementor-element-populated\">\n\t\t\t\t\t\t<div class=\"elementor-element elementor-element-4d83d63 elementor-widget elementor-widget-theme-post-featured-image elementor-widget-image\" data-id=\"4d83d63\" data-element_type=\"widget\" data-e-type=\"widget\" data-widget_type=\"theme-post-featured-image.default\">\n\t\t\t\t<div class=\"elementor-widget-container\">\n\t\t\t\t\t\t\t\t\t\t\t\t\t\t\t\t<a href=\"https:\/\/magyarpenclub.hu\/de\/produkt\/janus-pannonius-coleccion-de-poemas\/\">\n\t\t\t\t\t\t\t<img decoding=\"async\" width=\"800\" height=\"600\" src=\"https:\/\/magyarpenclub.hu\/wp-content\/uploads\/2022\/05\/janus-pannonius-collecion-de-poemas-1024x768.png\" class=\"attachment-large size-large wp-image-6392\" alt=\"\" srcset=\"https:\/\/magyarpenclub.hu\/wp-content\/uploads\/2022\/05\/janus-pannonius-collecion-de-poemas-1024x768.png 1024w, https:\/\/magyarpenclub.hu\/wp-content\/uploads\/2022\/05\/janus-pannonius-collecion-de-poemas-1000x750.png 1000w, https:\/\/magyarpenclub.hu\/wp-content\/uploads\/2022\/05\/janus-pannonius-collecion-de-poemas-300x225.png 300w, https:\/\/magyarpenclub.hu\/wp-content\/uploads\/2022\/05\/janus-pannonius-collecion-de-poemas-768x576.png 768w, https:\/\/magyarpenclub.hu\/wp-content\/uploads\/2022\/05\/janus-pannonius-collecion-de-poemas-1536x1152.png 1536w, https:\/\/magyarpenclub.hu\/wp-content\/uploads\/2022\/05\/janus-pannonius-collecion-de-poemas.png 1920w\" sizes=\"(max-width: 800px) 100vw, 800px\" \/>\t\t\t\t\t\t\t\t<\/a>\n\t\t\t\t\t\t\t\t\t\t\t\t\t\t\t<\/div>\n\t\t\t\t<\/div>\n\t\t\t\t<div class=\"elementor-element elementor-element-3642755 elementor-widget elementor-widget-heading\" data-id=\"3642755\" data-element_type=\"widget\" data-e-type=\"widget\" data-widget_type=\"heading.default\">\n\t\t\t\t<div class=\"elementor-widget-container\">\n\t\t\t\t\t<h3 class=\"elementor-heading-title elementor-size-default\"><a href=\"https:\/\/magyarpenclub.hu\/de\/produkt\/janus-pannonius-coleccion-de-poemas\/\">Janus Pannonius: Colecci\u00f3n De Poemas<\/a><\/h3>\t\t\t\t<\/div>\n\t\t\t\t<\/div>\n\t\t\t\t<div class=\"elementor-element elementor-element-f4e4485 elementor-widget elementor-widget-woocommerce-product-price\" data-id=\"f4e4485\" data-element_type=\"widget\" data-e-type=\"widget\" data-widget_type=\"woocommerce-product-price.default\">\n\t\t\t\t<div class=\"elementor-widget-container\">\n\t\t\t\t\t<p class=\"price\"><span class=\"woocommerce-Price-amount amount\"><bdi>2 900&nbsp;<span class=\"woocommerce-Price-currencySymbol\">&#70;&#116;<\/span><\/bdi><\/span><\/p>\n\t\t\t\t<\/div>\n\t\t\t\t<\/div>\n\t\t\t\t\t<\/div>\n\t\t<\/div>\n\t\t\t\t\t<\/div>\n\t\t<\/section>\n\t\t\t\t<\/div>\n\t\t\t\t<\/div>\n\t\t<\/div>\n\t\t\t\t\t<div class=\"elementor-swiper-button elementor-swiper-button-prev\" role=\"button\" tabindex=\"0\" aria-label=\"Voriger\">\n\t\t\t\t<i aria-hidden=\"true\" class=\"eicon-chevron-left\"><\/i>\t\t\t<\/div>\n\t\t\t<div class=\"elementor-swiper-button elementor-swiper-button-next\" role=\"button\" tabindex=\"0\" aria-label=\"N\u00e4chster\">\n\t\t\t\t<i aria-hidden=\"true\" class=\"eicon-chevron-right\"><\/i>\t\t\t<\/div>\n\t\t\t\t\t<div class=\"swiper-pagination\"><\/div>\n\t\t\t\t\t\t<\/div>\n\t\t\t\t<\/div>\n\t\t\t\t\t<\/div>\n\t\t<\/div>\n\t\t\t\t\t<\/div>\n\t\t<\/section>\n\t\t\t\t<section class=\"elementor-section elementor-top-section elementor-element elementor-element-1b41299 elementor-section-full_width elementor-section-height-default elementor-section-height-default\" data-id=\"1b41299\" data-element_type=\"section\" data-e-type=\"section\">\n\t\t\t\t\t\t\t<div class=\"elementor-background-overlay\"><\/div>\n\t\t\t\t\t\t\t<div class=\"elementor-container elementor-column-gap-wide\">\n\t\t\t\t\t<div class=\"elementor-column elementor-col-100 elementor-top-column elementor-element elementor-element-388083f\" data-id=\"388083f\" data-element_type=\"column\" data-e-type=\"column\">\n\t\t\t<div class=\"elementor-widget-wrap elementor-element-populated\">\n\t\t\t\t\t\t<section class=\"elementor-section elementor-inner-section elementor-element elementor-element-6ddcbff elementor-section-boxed elementor-section-height-default elementor-section-height-default\" data-id=\"6ddcbff\" data-element_type=\"section\" data-e-type=\"section\">\n\t\t\t\t\t\t<div class=\"elementor-container elementor-column-gap-default\">\n\t\t\t\t\t<div class=\"elementor-column elementor-col-50 elementor-inner-column elementor-element elementor-element-b5b0f78\" data-id=\"b5b0f78\" data-element_type=\"column\" data-e-type=\"column\">\n\t\t\t<div class=\"elementor-widget-wrap\">\n\t\t\t\t\t\t\t<\/div>\n\t\t<\/div>\n\t\t\t\t<div class=\"elementor-column elementor-col-50 elementor-inner-column elementor-element elementor-element-f9ab244\" data-id=\"f9ab244\" data-element_type=\"column\" data-e-type=\"column\">\n\t\t\t<div class=\"elementor-widget-wrap elementor-element-populated\">\n\t\t\t\t\t\t<div class=\"elementor-element elementor-element-d919eff elementor-widget elementor-widget-heading\" data-id=\"d919eff\" data-element_type=\"widget\" data-e-type=\"widget\" data-widget_type=\"heading.default\">\n\t\t\t\t<div class=\"elementor-widget-container\">\n\t\t\t\t\t<h2 class=\"elementor-heading-title elementor-size-default\"><a href=\"https:\/\/magyarpenclub.hu\/de\/geschichte-aus\/\">Geschichte aus<\/a><\/h2>\t\t\t\t<\/div>\n\t\t\t\t<\/div>\n\t\t\t\t<div class=\"elementor-element elementor-element-e736520 elementor-widget elementor-widget-spacer\" data-id=\"e736520\" data-element_type=\"widget\" data-e-type=\"widget\" data-widget_type=\"spacer.default\">\n\t\t\t\t<div class=\"elementor-widget-container\">\n\t\t\t\t\t\t\t<div class=\"elementor-spacer\">\n\t\t\t<div class=\"elementor-spacer-inner\"><\/div>\n\t\t<\/div>\n\t\t\t\t\t\t<\/div>\n\t\t\t\t<\/div>\n\t\t\t\t<div class=\"elementor-element elementor-element-2fe9f5c elementor-widget elementor-widget-text-editor\" data-id=\"2fe9f5c\" data-element_type=\"widget\" data-e-type=\"widget\" data-widget_type=\"text-editor.default\">\n\t\t\t\t<div class=\"elementor-widget-container\">\n\t\t\t\t\t\t\t\t\t<p>Die 1. 1921 wurde der Internationale PEN-Club auf Initiative der englischen Schriftstellerin Catherine Amy Dawson Scott gegr\u00fcndet, um die kulturelle Zusammenarbeit zu f\u00f6rdern, die durch den Zweiten Weltkrieg gest\u00f6rt worden war.<\/p>\n\t\t\t\t\t\t\t\t<\/div>\n\t\t\t\t<\/div>\n\t\t\t\t\t<\/div>\n\t\t<\/div>\n\t\t\t\t\t<\/div>\n\t\t<\/section>\n\t\t\t\t\t<\/div>\n\t\t<\/div>\n\t\t\t\t\t<\/div>\n\t\t<\/section>\n\t\t\t\t<section class=\"elementor-section elementor-top-section elementor-element elementor-element-0c7df0c elementor-section-full_width elementor-section-height-default elementor-section-height-default\" data-id=\"0c7df0c\" data-element_type=\"section\" data-e-type=\"section\" data-settings=\"{&quot;background_background&quot;:&quot;classic&quot;}\">\n\t\t\t\t\t\t\t<div class=\"elementor-background-overlay\"><\/div>\n\t\t\t\t\t\t\t<div class=\"elementor-container elementor-column-gap-wide\">\n\t\t\t\t\t<div class=\"elementor-column elementor-col-50 elementor-top-column elementor-element elementor-element-81acca1\" data-id=\"81acca1\" data-element_type=\"column\" data-e-type=\"column\">\n\t\t\t<div class=\"elementor-widget-wrap elementor-element-populated\">\n\t\t\t\t\t\t<div class=\"elementor-element elementor-element-7444e34 elementor-widget elementor-widget-heading\" data-id=\"7444e34\" data-element_type=\"widget\" data-e-type=\"widget\" data-widget_type=\"heading.default\">\n\t\t\t\t<div class=\"elementor-widget-container\">\n\t\t\t\t\t<h2 class=\"elementor-heading-title elementor-size-default\"><a href=\"https:\/\/magyarpenclub.hu\/de\/kategorie\/nachrichten\/\">Presseerkl\u00e4rung<\/a><\/h2>\t\t\t\t<\/div>\n\t\t\t\t<\/div>\n\t\t\t\t<section class=\"elementor-section elementor-inner-section elementor-element elementor-element-6ef0e77 elementor-section-boxed elementor-section-height-default elementor-section-height-default\" data-id=\"6ef0e77\" data-element_type=\"section\" data-e-type=\"section\">\n\t\t\t\t\t\t<div class=\"elementor-container elementor-column-gap-default\">\n\t\t\t\t\t<div class=\"elementor-column elementor-col-100 elementor-inner-column elementor-element elementor-element-ba0fcb1\" data-id=\"ba0fcb1\" data-element_type=\"column\" data-e-type=\"column\">\n\t\t\t<div class=\"elementor-widget-wrap elementor-element-populated\">\n\t\t\t\t\t\t<div class=\"elementor-element elementor-element-6a91b76 elementor-widget elementor-widget-image\" data-id=\"6a91b76\" data-element_type=\"widget\" data-e-type=\"widget\" data-widget_type=\"image.default\">\n\t\t\t\t<div class=\"elementor-widget-container\">\n\t\t\t\t\t\t\t\t\t\t\t\t\t\t\t<img decoding=\"async\" src=\"https:\/\/magyarpenclub.hu\/wp-content\/uploads\/elementor\/thumbs\/janus-pannonius-kolteszeti-nagydij-qpgmcskuhzac5ercsm5ez93airxd6l835p57gvdtwg.jpg\" title=\"janus-pannonius-kolteszeti-nagydij\" alt=\"Janus Pannonius K\u00f6lt\u00e9szeti Nagyd\u00edj\" loading=\"lazy\" \/>\t\t\t\t\t\t\t\t\t\t\t\t\t\t\t<\/div>\n\t\t\t\t<\/div>\n\t\t\t\t<div class=\"elementor-element elementor-element-ab79059 elementor-widget elementor-widget-text-editor\" data-id=\"ab79059\" data-element_type=\"widget\" data-e-type=\"widget\" data-widget_type=\"text-editor.default\">\n\t\t\t\t<div class=\"elementor-widget-container\">\n\t\t\t\t\t\t\t\t\t<p>Der Vorsitz des ungarischen PEN-Clubs ist erneut schockiert \u00fcber die neue Erscheinungsform der Janus-Pannonius-Stiftung, die den Namen von G\u00e9za Sz\u0151cs f\u00fcr ihre Aktivit\u00e4ten nach dessen Tod verwendet.<\/p>\n<p>Die Stiftung, die urspr\u00fcnglich vom ungarischen PEN-Club als prestigetr\u00e4chtiger Literaturpreis, der Janus Pannonius International Poetry Grand Prize, gegr\u00fcndet wurde, ist&#8230;  <a href=\"https:\/\/magyarpenclub.hu\/de\/?p=7149\">Lesen Sie mehr&#8230;<\/a><\/p>\n\t\t\t\t\t\t\t\t<\/div>\n\t\t\t\t<\/div>\n\t\t\t\t\t<\/div>\n\t\t<\/div>\n\t\t\t\t\t<\/div>\n\t\t<\/section>\n\t\t\t\t\t<\/div>\n\t\t<\/div>\n\t\t\t\t<div class=\"elementor-column elementor-col-50 elementor-top-column elementor-element elementor-element-8778760\" data-id=\"8778760\" data-element_type=\"column\" data-e-type=\"column\">\n\t\t\t<div class=\"elementor-widget-wrap elementor-element-populated\">\n\t\t\t\t\t\t<div class=\"elementor-element elementor-element-f4fb62b elementor-widget elementor-widget-heading\" data-id=\"f4fb62b\" data-element_type=\"widget\" data-e-type=\"widget\" data-widget_type=\"heading.default\">\n\t\t\t\t<div class=\"elementor-widget-container\">\n\t\t\t\t\t<h2 class=\"elementor-heading-title elementor-size-default\"><a href=\"https:\/\/magyarpenclub.hu\/de\/kategorie\/veranstaltung\/\">Veranstaltung<\/a><\/h2>\t\t\t\t<\/div>\n\t\t\t\t<\/div>\n\t\t\t\t<section class=\"elementor-section elementor-inner-section elementor-element elementor-element-71260a5 elementor-section-boxed elementor-section-height-default elementor-section-height-default\" data-id=\"71260a5\" data-element_type=\"section\" data-e-type=\"section\">\n\t\t\t\t\t\t<div class=\"elementor-container elementor-column-gap-default\">\n\t\t\t\t\t<div class=\"elementor-column elementor-col-100 elementor-inner-column elementor-element elementor-element-90f6ee8\" data-id=\"90f6ee8\" data-element_type=\"column\" data-e-type=\"column\">\n\t\t\t<div class=\"elementor-widget-wrap elementor-element-populated\">\n\t\t\t\t\t\t<div class=\"elementor-element elementor-element-ee74a24 elementor-widget elementor-widget-image\" data-id=\"ee74a24\" data-element_type=\"widget\" data-e-type=\"widget\" data-widget_type=\"image.default\">\n\t\t\t\t<div class=\"elementor-widget-container\">\n\t\t\t\t\t\t\t\t\t\t\t\t\t\t\t<img decoding=\"async\" src=\"https:\/\/magyarpenclub.hu\/wp-content\/uploads\/elementor\/thumbs\/pen-kongresszus-1-qpglon44w883u3uatobieuhx1cyuekcdi5p2jx6zs0.jpg\" title=\"pen-kongresszus\" alt=\"pen-kongresszus\" loading=\"lazy\" \/>\t\t\t\t\t\t\t\t\t\t\t\t\t\t\t<\/div>\n\t\t\t\t<\/div>\n\t\t\t\t<div class=\"elementor-element elementor-element-5c5a694 elementor-widget elementor-widget-text-editor\" data-id=\"5c5a694\" data-element_type=\"widget\" data-e-type=\"widget\" data-widget_type=\"text-editor.default\">\n\t\t\t\t<div class=\"elementor-widget-container\">\n\t\t\t\t\t\t\t\t\t<p>Der schwedische PEN in Uppsala 2022. 27. September. und 1. Oktober. PEN 88 findet statt zwischen. internationaler Kongress zum Thema THE POWER OF SPEECH &#8211; K\u00fcnftige Herausforderungen f\u00fcr die Meinungsfreiheit. Ziel des Treffens ist es, die Bedeutung von Hassreden, digitaler \u00dcberwachung, Meinungs- und Informationsfreiheit zu diskutieren.  <a href=\"https:\/\/magyarpenclub.hu\/de\/?p=7359\">Lesen Sie mehr&#8230;<\/a><\/p>\n\t\t\t\t\t\t\t\t<\/div>\n\t\t\t\t<\/div>\n\t\t\t\t\t<\/div>\n\t\t<\/div>\n\t\t\t\t\t<\/div>\n\t\t<\/section>\n\t\t\t\t\t<\/div>\n\t\t<\/div>\n\t\t\t\t\t<\/div>\n\t\t<\/section>\n\t\t\t\t<section class=\"elementor-section elementor-top-section elementor-element elementor-element-85cf3ae elementor-section-height-min-height elementor-section-items-stretch elementor-section-boxed elementor-section-height-default\" data-id=\"85cf3ae\" data-element_type=\"section\" data-e-type=\"section\" data-settings=\"{&quot;background_background&quot;:&quot;video&quot;,&quot;background_motion_fx_translateY_effect&quot;:&quot;yes&quot;,&quot;background_motion_fx_translateY_speed&quot;:{&quot;unit&quot;:&quot;px&quot;,&quot;size&quot;:8,&quot;sizes&quot;:[]},&quot;background_video_link&quot;:&quot;https:\\\/\\\/www.youtube.com\\\/watch?v=G6E9PWme3_c&quot;,&quot;background_motion_fx_translateY_affectedRange&quot;:{&quot;unit&quot;:&quot;%&quot;,&quot;size&quot;:&quot;&quot;,&quot;sizes&quot;:{&quot;start&quot;:0,&quot;end&quot;:100}},&quot;background_motion_fx_devices&quot;:[&quot;desktop&quot;,&quot;tablet&quot;,&quot;mobile&quot;]}\">\n\t\t\t\t\t\t\t\t<div class=\"elementor-background-video-container elementor-hidden-mobile\">\n\t\t\t\t\t\t\t\t\t\t\t\t\t<div class=\"elementor-background-video-embed\" role=\"presentation\"><\/div>\n\t\t\t\t\t\t\t\t\t\t\t\t<\/div>\n\t\t\t\t\t\t\t\t\t<div class=\"elementor-background-overlay\"><\/div>\n\t\t\t\t\t\t\t<div class=\"elementor-container elementor-column-gap-wide\">\n\t\t\t\t\t<div class=\"elementor-column elementor-col-100 elementor-top-column elementor-element elementor-element-953f197\" data-id=\"953f197\" data-element_type=\"column\" data-e-type=\"column\">\n\t\t\t<div class=\"elementor-widget-wrap elementor-element-populated\">\n\t\t\t\t\t\t<div class=\"elementor-element elementor-element-1b0dae1 elementor-widget elementor-widget-heading\" data-id=\"1b0dae1\" data-element_type=\"widget\" data-e-type=\"widget\" data-widget_type=\"heading.default\">\n\t\t\t\t<div class=\"elementor-widget-container\">\n\t\t\t\t\t<h2 class=\"elementor-heading-title elementor-size-default\">Stift-Blog<\/h2>\t\t\t\t<\/div>\n\t\t\t\t<\/div>\n\t\t\t\t<div class=\"elementor-element elementor-element-0352811 elementor-widget elementor-widget-spacer\" data-id=\"0352811\" data-element_type=\"widget\" data-e-type=\"widget\" data-widget_type=\"spacer.default\">\n\t\t\t\t<div class=\"elementor-widget-container\">\n\t\t\t\t\t\t\t<div class=\"elementor-spacer\">\n\t\t\t<div class=\"elementor-spacer-inner\"><\/div>\n\t\t<\/div>\n\t\t\t\t\t\t<\/div>\n\t\t\t\t<\/div>\n\t\t\t\t<div class=\"elementor-element elementor-element-89f98f2 elementor-widget elementor-widget-text-editor\" data-id=\"89f98f2\" data-element_type=\"widget\" data-e-type=\"widget\" data-widget_type=\"text-editor.default\">\n\t\t\t\t<div class=\"elementor-widget-container\">\n\t\t\t\t\t\t\t\t\t<p>Offizielle Bekanntmachungen des ungarischen PEN-Clubs und Schriften seiner Mitglieder.<\/p>\n\t\t\t\t\t\t\t\t<\/div>\n\t\t\t\t<\/div>\n\t\t\t\t<div class=\"elementor-element elementor-element-a51af45 elementor-widget elementor-widget-spacer\" data-id=\"a51af45\" data-element_type=\"widget\" data-e-type=\"widget\" data-widget_type=\"spacer.default\">\n\t\t\t\t<div class=\"elementor-widget-container\">\n\t\t\t\t\t\t\t<div class=\"elementor-spacer\">\n\t\t\t<div class=\"elementor-spacer-inner\"><\/div>\n\t\t<\/div>\n\t\t\t\t\t\t<\/div>\n\t\t\t\t<\/div>\n\t\t\t\t\t<\/div>\n\t\t<\/div>\n\t\t\t\t\t<\/div>\n\t\t<\/section>\n\t\t\t\t<section class=\"elementor-section elementor-top-section elementor-element elementor-element-6768290 elementor-section-full_width elementor-section-height-default elementor-section-height-default\" data-id=\"6768290\" data-element_type=\"section\" data-e-type=\"section\">\n\t\t\t\t\t\t<div class=\"elementor-container elementor-column-gap-wide\">\n\t\t\t\t\t<div class=\"elementor-column elementor-col-100 elementor-top-column elementor-element elementor-element-8f47dd8\" data-id=\"8f47dd8\" data-element_type=\"column\" data-e-type=\"column\">\n\t\t\t<div class=\"elementor-widget-wrap elementor-element-populated\">\n\t\t\t\t\t\t<div class=\"elementor-element elementor-element-8d81fcc elementor-widget elementor-widget-heading\" data-id=\"8d81fcc\" data-element_type=\"widget\" data-e-type=\"widget\" data-widget_type=\"heading.default\">\n\t\t\t\t<div class=\"elementor-widget-container\">\n\t\t\t\t\t<h2 class=\"elementor-heading-title elementor-size-default\"><a href=\"https:\/\/magyarpenclub.hu\/de\/kategorie\/veranstaltung\/\">Veranstaltung<\/a><\/h2>\t\t\t\t<\/div>\n\t\t\t\t<\/div>\n\t\t\t\t<div class=\"elementor-element elementor-element-b0bf8f5 elementor-pagination-type-bullets elementor-arrows-position-inside elementor-pagination-position-outside elementor-widget elementor-widget-loop-carousel\" data-id=\"b0bf8f5\" data-element_type=\"widget\" data-e-type=\"widget\" data-settings=\"{&quot;template_id&quot;:12238,&quot;_skin&quot;:&quot;post&quot;,&quot;slides_to_show&quot;:&quot;3&quot;,&quot;slides_to_show_tablet&quot;:&quot;2&quot;,&quot;slides_to_show_mobile&quot;:&quot;1&quot;,&quot;slides_to_scroll&quot;:&quot;1&quot;,&quot;edit_handle_selector&quot;:&quot;.elementor-loop-container&quot;,&quot;autoplay&quot;:&quot;yes&quot;,&quot;autoplay_speed&quot;:5000,&quot;pause_on_hover&quot;:&quot;yes&quot;,&quot;pause_on_interaction&quot;:&quot;yes&quot;,&quot;infinite&quot;:&quot;yes&quot;,&quot;speed&quot;:500,&quot;offset_sides&quot;:&quot;none&quot;,&quot;arrows&quot;:&quot;yes&quot;,&quot;pagination&quot;:&quot;bullets&quot;,&quot;image_spacing_custom&quot;:{&quot;unit&quot;:&quot;px&quot;,&quot;size&quot;:10,&quot;sizes&quot;:[]},&quot;image_spacing_custom_tablet&quot;:{&quot;unit&quot;:&quot;px&quot;,&quot;size&quot;:&quot;&quot;,&quot;sizes&quot;:[]},&quot;image_spacing_custom_mobile&quot;:{&quot;unit&quot;:&quot;px&quot;,&quot;size&quot;:&quot;&quot;,&quot;sizes&quot;:[]}}\" data-widget_type=\"loop-carousel.post\">\n\t\t\t\t<div class=\"elementor-widget-container\">\n\t\t\t\t\t\t\t<div class=\"swiper elementor-loop-container elementor-grid\" role=\"list\" dir=\"ltr\">\n\t\t\t\t<div class=\"swiper-wrapper\" aria-live=\"off\">\n\t\t<style id=\"loop-12238\">.elementor-12238 .elementor-element.elementor-element-87f506d{text-align:center;}.elementor-12238 .elementor-element.elementor-element-87f506d .elementor-heading-title{font-size:18px;}.elementor-12238 .elementor-element.elementor-element-96ba1c6 .elementor-widget-container{text-align:center;color:var( --e-global-color-secondary );}<\/style>\t\t<div data-elementor-type=\"loop-item\" data-elementor-id=\"12238\" class=\"elementor elementor-12238 swiper-slide e-loop-item e-loop-item-11258 post-11258 post type-post status-publish format-standard has-post-thumbnail hentry category-veranstaltung\" data-elementor-post-type=\"elementor_library\" role=\"group\" aria-roledescription=\"slide\" data-custom-edit-handle=\"1\">\n\t\t\t\t\t<section class=\"elementor-section elementor-top-section elementor-element elementor-element-0218423 elementor-section-boxed elementor-section-height-default elementor-section-height-default\" data-id=\"0218423\" data-element_type=\"section\" data-e-type=\"section\">\n\t\t\t\t\t\t<div class=\"elementor-container elementor-column-gap-default\">\n\t\t\t\t\t<div class=\"elementor-column elementor-col-100 elementor-top-column elementor-element elementor-element-e7f2e25\" data-id=\"e7f2e25\" data-element_type=\"column\" data-e-type=\"column\">\n\t\t\t<div class=\"elementor-widget-wrap elementor-element-populated\">\n\t\t\t\t\t\t<div class=\"elementor-element elementor-element-cfaa06c elementor-widget elementor-widget-image\" data-id=\"cfaa06c\" data-element_type=\"widget\" data-e-type=\"widget\" data-widget_type=\"image.default\">\n\t\t\t\t<div class=\"elementor-widget-container\">\n\t\t\t\t\t\t\t\t\t\t\t\t\t\t\t\t<a href=\"https:\/\/magyarpenclub.hu\/de\/2025\/03\/03\/offene-lesung-zum-frauentag-2\/\">\n\t\t\t\t\t\t\t<img decoding=\"async\" width=\"768\" height=\"477\" src=\"https:\/\/magyarpenclub.hu\/wp-content\/uploads\/2025\/03\/nonapi-pen-drive-768x477.jpg\" class=\"attachment-medium_large size-medium_large wp-image-11016\" alt=\"Open Reading\" srcset=\"https:\/\/magyarpenclub.hu\/wp-content\/uploads\/2025\/03\/nonapi-pen-drive-768x477.jpg 768w, https:\/\/magyarpenclub.hu\/wp-content\/uploads\/2025\/03\/nonapi-pen-drive-1000x621.jpg 1000w, https:\/\/magyarpenclub.hu\/wp-content\/uploads\/2025\/03\/nonapi-pen-drive-300x186.jpg 300w, https:\/\/magyarpenclub.hu\/wp-content\/uploads\/2025\/03\/nonapi-pen-drive-1024x636.jpg 1024w, https:\/\/magyarpenclub.hu\/wp-content\/uploads\/2025\/03\/nonapi-pen-drive.jpg 1280w\" sizes=\"(max-width: 768px) 100vw, 768px\" \/>\t\t\t\t\t\t\t\t<\/a>\n\t\t\t\t\t\t\t\t\t\t\t\t\t\t\t<\/div>\n\t\t\t\t<\/div>\n\t\t\t\t<div class=\"elementor-element elementor-element-87f506d elementor-widget elementor-widget-heading\" data-id=\"87f506d\" data-element_type=\"widget\" data-e-type=\"widget\" data-widget_type=\"heading.default\">\n\t\t\t\t<div class=\"elementor-widget-container\">\n\t\t\t\t\t<h2 class=\"elementor-heading-title elementor-size-default\"><a href=\"https:\/\/magyarpenclub.hu\/de\/2025\/03\/03\/offene-lesung-zum-frauentag-2\/\">Offene Lesung zum Frauentag<\/a><\/h2>\t\t\t\t<\/div>\n\t\t\t\t<\/div>\n\t\t\t\t<div class=\"elementor-element elementor-element-96ba1c6 elementor-widget elementor-widget-theme-post-excerpt\" data-id=\"96ba1c6\" data-element_type=\"widget\" data-e-type=\"widget\" data-widget_type=\"theme-post-excerpt.default\">\n\t\t\t\t<div class=\"elementor-widget-container\">\n\t\t\t\t\tDer ungarische PEN-Klub l\u00e4dt Sie und Ihre Freunde herzlich zur n\u00e4chsten PENDRIVE-Abendreihe und zum anschlie\u00dfenden Empfang ein.\t\t\t\t<\/div>\n\t\t\t\t<\/div>\n\t\t\t\t\t<\/div>\n\t\t<\/div>\n\t\t\t\t\t<\/div>\n\t\t<\/section>\n\t\t\t\t<\/div>\n\t\t\t\t<div data-elementor-type=\"loop-item\" data-elementor-id=\"12238\" class=\"elementor elementor-12238 swiper-slide e-loop-item e-loop-item-11264 post-11264 post type-post status-publish format-standard has-post-thumbnail hentry category-veranstaltung\" data-elementor-post-type=\"elementor_library\" role=\"group\" aria-roledescription=\"slide\" data-custom-edit-handle=\"1\">\n\t\t\t\t\t<section class=\"elementor-section elementor-top-section elementor-element elementor-element-0218423 elementor-section-boxed elementor-section-height-default elementor-section-height-default\" data-id=\"0218423\" data-element_type=\"section\" data-e-type=\"section\">\n\t\t\t\t\t\t<div class=\"elementor-container elementor-column-gap-default\">\n\t\t\t\t\t<div class=\"elementor-column elementor-col-100 elementor-top-column elementor-element elementor-element-e7f2e25\" data-id=\"e7f2e25\" data-element_type=\"column\" data-e-type=\"column\">\n\t\t\t<div class=\"elementor-widget-wrap elementor-element-populated\">\n\t\t\t\t\t\t<div class=\"elementor-element elementor-element-cfaa06c elementor-widget elementor-widget-image\" data-id=\"cfaa06c\" data-element_type=\"widget\" data-e-type=\"widget\" data-widget_type=\"image.default\">\n\t\t\t\t<div class=\"elementor-widget-container\">\n\t\t\t\t\t\t\t\t\t\t\t\t\t\t\t\t<a href=\"https:\/\/magyarpenclub.hu\/de\/2024\/12\/10\/die-tradition-wird-fortgesetzt-weihnachten-in-strophe-2024\/\">\n\t\t\t\t\t\t\t<img decoding=\"async\" width=\"768\" height=\"384\" src=\"https:\/\/magyarpenclub.hu\/wp-content\/uploads\/2024\/12\/karacsony-2024-pen-768x384.jpg\" class=\"attachment-medium_large size-medium_large wp-image-10771\" alt=\"Kar\u00e1csony 2024\" srcset=\"https:\/\/magyarpenclub.hu\/wp-content\/uploads\/2024\/12\/karacsony-2024-pen-768x384.jpg 768w, https:\/\/magyarpenclub.hu\/wp-content\/uploads\/2024\/12\/karacsony-2024-pen-1000x500.jpg 1000w, https:\/\/magyarpenclub.hu\/wp-content\/uploads\/2024\/12\/karacsony-2024-pen-300x150.jpg 300w, https:\/\/magyarpenclub.hu\/wp-content\/uploads\/2024\/12\/karacsony-2024-pen-1024x512.jpg 1024w, https:\/\/magyarpenclub.hu\/wp-content\/uploads\/2024\/12\/karacsony-2024-pen.jpg 1408w\" sizes=\"(max-width: 768px) 100vw, 768px\" \/>\t\t\t\t\t\t\t\t<\/a>\n\t\t\t\t\t\t\t\t\t\t\t\t\t\t\t<\/div>\n\t\t\t\t<\/div>\n\t\t\t\t<div class=\"elementor-element elementor-element-87f506d elementor-widget elementor-widget-heading\" data-id=\"87f506d\" data-element_type=\"widget\" data-e-type=\"widget\" data-widget_type=\"heading.default\">\n\t\t\t\t<div class=\"elementor-widget-container\">\n\t\t\t\t\t<h2 class=\"elementor-heading-title elementor-size-default\"><a href=\"https:\/\/magyarpenclub.hu\/de\/2024\/12\/10\/die-tradition-wird-fortgesetzt-weihnachten-in-strophe-2024\/\">Die Tradition wird fortgesetzt! Weihnachten in Strophe 2024<\/a><\/h2>\t\t\t\t<\/div>\n\t\t\t\t<\/div>\n\t\t\t\t<div class=\"elementor-element elementor-element-96ba1c6 elementor-widget elementor-widget-theme-post-excerpt\" data-id=\"96ba1c6\" data-element_type=\"widget\" data-e-type=\"widget\" data-widget_type=\"theme-post-excerpt.default\">\n\t\t\t\t<div class=\"elementor-widget-container\">\n\t\t\t\t\tWir laden Sie und Ihre Freunde herzlich zum Jahr 2024 ein. am Dienstag, den 17. Dezember um 18:00 Uhr zu einer festlichen Lesung in der Haupthalle des S4 NETWORK.\t\t\t\t<\/div>\n\t\t\t\t<\/div>\n\t\t\t\t\t<\/div>\n\t\t<\/div>\n\t\t\t\t\t<\/div>\n\t\t<\/section>\n\t\t\t\t<\/div>\n\t\t\t\t<div data-elementor-type=\"loop-item\" data-elementor-id=\"12238\" class=\"elementor elementor-12238 swiper-slide e-loop-item e-loop-item-10099 post-10099 post type-post status-publish format-standard has-post-thumbnail hentry category-veranstaltung tag-generalversammlung\" data-elementor-post-type=\"elementor_library\" role=\"group\" aria-roledescription=\"slide\" data-custom-edit-handle=\"1\">\n\t\t\t\t\t<section class=\"elementor-section elementor-top-section elementor-element elementor-element-0218423 elementor-section-boxed elementor-section-height-default elementor-section-height-default\" data-id=\"0218423\" data-element_type=\"section\" data-e-type=\"section\">\n\t\t\t\t\t\t<div class=\"elementor-container elementor-column-gap-default\">\n\t\t\t\t\t<div class=\"elementor-column elementor-col-100 elementor-top-column elementor-element elementor-element-e7f2e25\" data-id=\"e7f2e25\" data-element_type=\"column\" data-e-type=\"column\">\n\t\t\t<div class=\"elementor-widget-wrap elementor-element-populated\">\n\t\t\t\t\t\t<div class=\"elementor-element elementor-element-cfaa06c elementor-widget elementor-widget-image\" data-id=\"cfaa06c\" data-element_type=\"widget\" data-e-type=\"widget\" data-widget_type=\"image.default\">\n\t\t\t\t<div class=\"elementor-widget-container\">\n\t\t\t\t\t\t\t\t\t\t\t\t\t\t\t\t<a href=\"https:\/\/magyarpenclub.hu\/de\/2024\/09\/16\/einladung-zum-ungarischen-pen-club-2024-jahreshauptversammlung-des-europaeischen-parlaments\/\">\n\t\t\t\t\t\t\t<img decoding=\"async\" width=\"768\" height=\"512\" src=\"https:\/\/magyarpenclub.hu\/wp-content\/uploads\/2022\/06\/giammarco-zeH-ljawHtg-unsplash-768x512.jpg\" class=\"attachment-medium_large size-medium_large wp-image-6608\" alt=\"\" srcset=\"https:\/\/magyarpenclub.hu\/wp-content\/uploads\/2022\/06\/giammarco-zeH-ljawHtg-unsplash-768x512.jpg 768w, https:\/\/magyarpenclub.hu\/wp-content\/uploads\/2022\/06\/giammarco-zeH-ljawHtg-unsplash-1000x667.jpg 1000w, https:\/\/magyarpenclub.hu\/wp-content\/uploads\/2022\/06\/giammarco-zeH-ljawHtg-unsplash-300x200.jpg 300w, https:\/\/magyarpenclub.hu\/wp-content\/uploads\/2022\/06\/giammarco-zeH-ljawHtg-unsplash-1024x683.jpg 1024w, https:\/\/magyarpenclub.hu\/wp-content\/uploads\/2022\/06\/giammarco-zeH-ljawHtg-unsplash-1536x1024.jpg 1536w, https:\/\/magyarpenclub.hu\/wp-content\/uploads\/2022\/06\/giammarco-zeH-ljawHtg-unsplash-scaled.jpg 2048w\" sizes=\"(max-width: 768px) 100vw, 768px\" \/>\t\t\t\t\t\t\t\t<\/a>\n\t\t\t\t\t\t\t\t\t\t\t\t\t\t\t<\/div>\n\t\t\t\t<\/div>\n\t\t\t\t<div class=\"elementor-element elementor-element-87f506d elementor-widget elementor-widget-heading\" data-id=\"87f506d\" data-element_type=\"widget\" data-e-type=\"widget\" data-widget_type=\"heading.default\">\n\t\t\t\t<div class=\"elementor-widget-container\">\n\t\t\t\t\t<h2 class=\"elementor-heading-title elementor-size-default\"><a href=\"https:\/\/magyarpenclub.hu\/de\/2024\/09\/16\/einladung-zum-ungarischen-pen-club-2024-jahreshauptversammlung-des-europaeischen-parlaments\/\">Einladung zum ungarischen PEN-Club 2024. Jahreshauptversammlung des Europ\u00e4ischen Parlaments<\/a><\/h2>\t\t\t\t<\/div>\n\t\t\t\t<\/div>\n\t\t\t\t<div class=\"elementor-element elementor-element-96ba1c6 elementor-widget elementor-widget-theme-post-excerpt\" data-id=\"96ba1c6\" data-element_type=\"widget\" data-e-type=\"widget\" data-widget_type=\"theme-post-excerpt.default\">\n\t\t\t\t<div class=\"elementor-widget-container\">\n\t\t\t\t\t2024. 26. September. Um 10.00 Uhr h\u00e4lt der PEN-Club seine Jahreshauptversammlung im Writers' Union Building 2.\n(Budapest 1062, Bajza u. 18.). \t\t\t\t<\/div>\n\t\t\t\t<\/div>\n\t\t\t\t\t<\/div>\n\t\t<\/div>\n\t\t\t\t\t<\/div>\n\t\t<\/section>\n\t\t\t\t<\/div>\n\t\t\t\t<div data-elementor-type=\"loop-item\" data-elementor-id=\"12238\" class=\"elementor elementor-12238 swiper-slide e-loop-item e-loop-item-9996 post-9996 post type-post status-publish format-standard has-post-thumbnail hentry category-veranstaltung\" data-elementor-post-type=\"elementor_library\" role=\"group\" aria-roledescription=\"slide\" data-custom-edit-handle=\"1\">\n\t\t\t\t\t<section class=\"elementor-section elementor-top-section elementor-element elementor-element-0218423 elementor-section-boxed elementor-section-height-default elementor-section-height-default\" data-id=\"0218423\" data-element_type=\"section\" data-e-type=\"section\">\n\t\t\t\t\t\t<div class=\"elementor-container elementor-column-gap-default\">\n\t\t\t\t\t<div class=\"elementor-column elementor-col-100 elementor-top-column elementor-element elementor-element-e7f2e25\" data-id=\"e7f2e25\" data-element_type=\"column\" data-e-type=\"column\">\n\t\t\t<div class=\"elementor-widget-wrap elementor-element-populated\">\n\t\t\t\t\t\t<div class=\"elementor-element elementor-element-cfaa06c elementor-widget elementor-widget-image\" data-id=\"cfaa06c\" data-element_type=\"widget\" data-e-type=\"widget\" data-widget_type=\"image.default\">\n\t\t\t\t<div class=\"elementor-widget-container\">\n\t\t\t\t\t\t\t\t\t\t\t\t\t\t\t\t<a href=\"https:\/\/magyarpenclub.hu\/de\/2024\/04\/24\/das-schweigen-von-babel-praesentation-und-gespraechsrunde-mit-mitteleuropaeischen-dichtern\/\">\n\t\t\t\t\t\t\t<img decoding=\"async\" width=\"768\" height=\"512\" src=\"https:\/\/magyarpenclub.hu\/wp-content\/uploads\/2024\/04\/babel-csendje-768x512.jpg\" class=\"attachment-medium_large size-medium_large wp-image-9988\" alt=\"B\u00e1bel csendje\" srcset=\"https:\/\/magyarpenclub.hu\/wp-content\/uploads\/2024\/04\/babel-csendje-768x512.jpg 768w, https:\/\/magyarpenclub.hu\/wp-content\/uploads\/2024\/04\/babel-csendje-1000x666.jpg 1000w, https:\/\/magyarpenclub.hu\/wp-content\/uploads\/2024\/04\/babel-csendje-300x200.jpg 300w, https:\/\/magyarpenclub.hu\/wp-content\/uploads\/2024\/04\/babel-csendje-1024x682.jpg 1024w, https:\/\/magyarpenclub.hu\/wp-content\/uploads\/2024\/04\/babel-csendje.jpg 1280w\" sizes=\"(max-width: 768px) 100vw, 768px\" \/>\t\t\t\t\t\t\t\t<\/a>\n\t\t\t\t\t\t\t\t\t\t\t\t\t\t\t<\/div>\n\t\t\t\t<\/div>\n\t\t\t\t<div class=\"elementor-element elementor-element-87f506d elementor-widget elementor-widget-heading\" data-id=\"87f506d\" data-element_type=\"widget\" data-e-type=\"widget\" data-widget_type=\"heading.default\">\n\t\t\t\t<div class=\"elementor-widget-container\">\n\t\t\t\t\t<h2 class=\"elementor-heading-title elementor-size-default\"><a href=\"https:\/\/magyarpenclub.hu\/de\/2024\/04\/24\/das-schweigen-von-babel-praesentation-und-gespraechsrunde-mit-mitteleuropaeischen-dichtern\/\">Das Schweigen von Babel &#8211; Pr\u00e4sentation und Gespr\u00e4chsrunde mit mitteleurop\u00e4ischen Dichtern<\/a><\/h2>\t\t\t\t<\/div>\n\t\t\t\t<\/div>\n\t\t\t\t<div class=\"elementor-element elementor-element-96ba1c6 elementor-widget elementor-widget-theme-post-excerpt\" data-id=\"96ba1c6\" data-element_type=\"widget\" data-e-type=\"widget\" data-widget_type=\"theme-post-excerpt.default\">\n\t\t\t\t<div class=\"elementor-widget-container\">\n\t\t\t\t\tDas Schweigen von Babel ist der Titel einer Reihe von Abenden im Mai, die von Gizella Csisztay und Gy\u00f6rgy Mandics moderiert werden und bei denen mitteleurop\u00e4ische Dichter ihre Werke vorstellen und eine Diskussionsrunde abhalten.\t\t\t\t<\/div>\n\t\t\t\t<\/div>\n\t\t\t\t\t<\/div>\n\t\t<\/div>\n\t\t\t\t\t<\/div>\n\t\t<\/section>\n\t\t\t\t<\/div>\n\t\t\t\t<div data-elementor-type=\"loop-item\" data-elementor-id=\"12238\" class=\"elementor elementor-12238 swiper-slide e-loop-item e-loop-item-8806 post-8806 post type-post status-publish format-standard has-post-thumbnail hentry category-veranstaltung tag-frauentag\" data-elementor-post-type=\"elementor_library\" role=\"group\" aria-roledescription=\"slide\" data-custom-edit-handle=\"1\">\n\t\t\t\t\t<section class=\"elementor-section elementor-top-section elementor-element elementor-element-0218423 elementor-section-boxed elementor-section-height-default elementor-section-height-default\" data-id=\"0218423\" data-element_type=\"section\" data-e-type=\"section\">\n\t\t\t\t\t\t<div class=\"elementor-container elementor-column-gap-default\">\n\t\t\t\t\t<div class=\"elementor-column elementor-col-100 elementor-top-column elementor-element elementor-element-e7f2e25\" data-id=\"e7f2e25\" data-element_type=\"column\" data-e-type=\"column\">\n\t\t\t<div class=\"elementor-widget-wrap elementor-element-populated\">\n\t\t\t\t\t\t<div class=\"elementor-element elementor-element-cfaa06c elementor-widget elementor-widget-image\" data-id=\"cfaa06c\" data-element_type=\"widget\" data-e-type=\"widget\" data-widget_type=\"image.default\">\n\t\t\t\t<div class=\"elementor-widget-container\">\n\t\t\t\t\t\t\t\t\t\t\t\t\t\t\t\t<a href=\"https:\/\/magyarpenclub.hu\/de\/2024\/03\/06\/offene-lesung-zum-frauentag\/\">\n\t\t\t\t\t\t\t<img decoding=\"async\" width=\"768\" height=\"513\" src=\"https:\/\/magyarpenclub.hu\/wp-content\/uploads\/2024\/03\/nonapi-open-reading-768x513.jpg\" class=\"attachment-medium_large size-medium_large wp-image-8786\" alt=\"Open Reading\" srcset=\"https:\/\/magyarpenclub.hu\/wp-content\/uploads\/2024\/03\/nonapi-open-reading-768x513.jpg 768w, https:\/\/magyarpenclub.hu\/wp-content\/uploads\/2024\/03\/nonapi-open-reading-1000x668.jpg 1000w, https:\/\/magyarpenclub.hu\/wp-content\/uploads\/2024\/03\/nonapi-open-reading-300x200.jpg 300w, https:\/\/magyarpenclub.hu\/wp-content\/uploads\/2024\/03\/nonapi-open-reading-1024x684.jpg 1024w, https:\/\/magyarpenclub.hu\/wp-content\/uploads\/2024\/03\/nonapi-open-reading.jpg 1500w\" sizes=\"(max-width: 768px) 100vw, 768px\" \/>\t\t\t\t\t\t\t\t<\/a>\n\t\t\t\t\t\t\t\t\t\t\t\t\t\t\t<\/div>\n\t\t\t\t<\/div>\n\t\t\t\t<div class=\"elementor-element elementor-element-87f506d elementor-widget elementor-widget-heading\" data-id=\"87f506d\" data-element_type=\"widget\" data-e-type=\"widget\" data-widget_type=\"heading.default\">\n\t\t\t\t<div class=\"elementor-widget-container\">\n\t\t\t\t\t<h2 class=\"elementor-heading-title elementor-size-default\"><a href=\"https:\/\/magyarpenclub.hu\/de\/2024\/03\/06\/offene-lesung-zum-frauentag\/\">Offene Lesung zum Frauentag<\/a><\/h2>\t\t\t\t<\/div>\n\t\t\t\t<\/div>\n\t\t\t\t<div class=\"elementor-element elementor-element-96ba1c6 elementor-widget elementor-widget-theme-post-excerpt\" data-id=\"96ba1c6\" data-element_type=\"widget\" data-e-type=\"widget\" data-widget_type=\"theme-post-excerpt.default\">\n\t\t\t\t<div class=\"elementor-widget-container\">\n\t\t\t\t\tDer Ungarische PEN-Klub l\u00e4dt Sie und Ihre Freunde herzlich zum n\u00e4chsten Programm der PENDrive-Abendreihe und zum anschlie\u00dfenden Empfang im Jahr 2024 ein. 12. M\u00e4rz um 18:00 Uhr im Erdgeschoss des Muzikums.\t\t\t\t<\/div>\n\t\t\t\t<\/div>\n\t\t\t\t\t<\/div>\n\t\t<\/div>\n\t\t\t\t\t<\/div>\n\t\t<\/section>\n\t\t\t\t<\/div>\n\t\t\t\t<div data-elementor-type=\"loop-item\" data-elementor-id=\"12238\" class=\"elementor elementor-12238 swiper-slide e-loop-item e-loop-item-8171 post-8171 post type-post status-publish format-standard has-post-thumbnail hentry category-veranstaltung\" data-elementor-post-type=\"elementor_library\" role=\"group\" aria-roledescription=\"slide\" data-custom-edit-handle=\"1\">\n\t\t\t\t\t<section class=\"elementor-section elementor-top-section elementor-element elementor-element-0218423 elementor-section-boxed elementor-section-height-default elementor-section-height-default\" data-id=\"0218423\" data-element_type=\"section\" data-e-type=\"section\">\n\t\t\t\t\t\t<div class=\"elementor-container elementor-column-gap-default\">\n\t\t\t\t\t<div class=\"elementor-column elementor-col-100 elementor-top-column elementor-element elementor-element-e7f2e25\" data-id=\"e7f2e25\" data-element_type=\"column\" data-e-type=\"column\">\n\t\t\t<div class=\"elementor-widget-wrap elementor-element-populated\">\n\t\t\t\t\t\t<div class=\"elementor-element elementor-element-cfaa06c elementor-widget elementor-widget-image\" data-id=\"cfaa06c\" data-element_type=\"widget\" data-e-type=\"widget\" data-widget_type=\"image.default\">\n\t\t\t\t<div class=\"elementor-widget-container\">\n\t\t\t\t\t\t\t\t\t\t\t\t\t\t\t\t<a href=\"https:\/\/magyarpenclub.hu\/de\/2023\/11\/27\/die-tradition-wird-fortgesetzt-pen-weihnachten\/\">\n\t\t\t\t\t\t\t<img decoding=\"async\" width=\"768\" height=\"512\" src=\"https:\/\/magyarpenclub.hu\/wp-content\/uploads\/2023\/11\/table-setting-6859274_1280-768x512.jpg\" class=\"attachment-medium_large size-medium_large wp-image-7849\" alt=\"\" srcset=\"https:\/\/magyarpenclub.hu\/wp-content\/uploads\/2023\/11\/table-setting-6859274_1280-768x512.jpg 768w, https:\/\/magyarpenclub.hu\/wp-content\/uploads\/2023\/11\/table-setting-6859274_1280-1000x666.jpg 1000w, https:\/\/magyarpenclub.hu\/wp-content\/uploads\/2023\/11\/table-setting-6859274_1280-300x200.jpg 300w, https:\/\/magyarpenclub.hu\/wp-content\/uploads\/2023\/11\/table-setting-6859274_1280-1024x682.jpg 1024w, https:\/\/magyarpenclub.hu\/wp-content\/uploads\/2023\/11\/table-setting-6859274_1280.jpg 1280w\" sizes=\"(max-width: 768px) 100vw, 768px\" \/>\t\t\t\t\t\t\t\t<\/a>\n\t\t\t\t\t\t\t\t\t\t\t\t\t\t\t<\/div>\n\t\t\t\t<\/div>\n\t\t\t\t<div class=\"elementor-element elementor-element-87f506d elementor-widget elementor-widget-heading\" data-id=\"87f506d\" data-element_type=\"widget\" data-e-type=\"widget\" data-widget_type=\"heading.default\">\n\t\t\t\t<div class=\"elementor-widget-container\">\n\t\t\t\t\t<h2 class=\"elementor-heading-title elementor-size-default\"><a href=\"https:\/\/magyarpenclub.hu\/de\/2023\/11\/27\/die-tradition-wird-fortgesetzt-pen-weihnachten\/\">Die Tradition wird fortgesetzt! PEN Weihnachten<\/a><\/h2>\t\t\t\t<\/div>\n\t\t\t\t<\/div>\n\t\t\t\t<div class=\"elementor-element elementor-element-96ba1c6 elementor-widget elementor-widget-theme-post-excerpt\" data-id=\"96ba1c6\" data-element_type=\"widget\" data-e-type=\"widget\" data-widget_type=\"theme-post-excerpt.default\">\n\t\t\t\t<div class=\"elementor-widget-container\">\n\t\t\t\t\tDie Tradition wird fortgesetzt! Wir laden Sie und Ihre Freunde herzlich zu einer festlichen Lesung und einem Toast am Freitag, den 15. Dezember 2023, ab 18:00 Uhr im Muzikum, Kossuth Klub (1088 Budapest, M\u00fazeum utca 7 - hinter dem K\u00e1lvin t\u00e9r) ein.\t\t\t\t<\/div>\n\t\t\t\t<\/div>\n\t\t\t\t\t<\/div>\n\t\t<\/div>\n\t\t\t\t\t<\/div>\n\t\t<\/section>\n\t\t\t\t<\/div>\n\t\t\t\t<\/div>\n\t\t<\/div>\n\t\t\t\t\t<div class=\"elementor-swiper-button elementor-swiper-button-prev\" role=\"button\" tabindex=\"0\" aria-label=\"Voriger\">\n\t\t\t\t<i aria-hidden=\"true\" class=\"eicon-chevron-left\"><\/i>\t\t\t<\/div>\n\t\t\t<div class=\"elementor-swiper-button elementor-swiper-button-next\" role=\"button\" tabindex=\"0\" aria-label=\"N\u00e4chster\">\n\t\t\t\t<i aria-hidden=\"true\" class=\"eicon-chevron-right\"><\/i>\t\t\t<\/div>\n\t\t\t\t\t<div class=\"swiper-pagination\"><\/div>\n\t\t\t\t\t\t<\/div>\n\t\t\t\t<\/div>\n\t\t\t\t\t<\/div>\n\t\t<\/div>\n\t\t\t\t\t<\/div>\n\t\t<\/section>\n\t\t\t\t<section class=\"elementor-section elementor-top-section elementor-element elementor-element-1457332 elementor-section-height-min-height elementor-section-items-stretch elementor-section-full_width elementor-section-height-default\" data-id=\"1457332\" data-element_type=\"section\" data-e-type=\"section\" data-settings=\"{&quot;background_background&quot;:&quot;classic&quot;}\">\n\t\t\t\t\t\t\t<div class=\"elementor-background-overlay\"><\/div>\n\t\t\t\t\t\t\t<div class=\"elementor-container elementor-column-gap-default\">\n\t\t\t\t\t<div class=\"elementor-column elementor-col-100 elementor-top-column elementor-element elementor-element-73c5cf2\" data-id=\"73c5cf2\" data-element_type=\"column\" data-e-type=\"column\">\n\t\t\t<div class=\"elementor-widget-wrap elementor-element-populated\">\n\t\t\t\t\t\t<div class=\"elementor-element elementor-element-34b36ea elementor-widget elementor-widget-heading\" data-id=\"34b36ea\" data-element_type=\"widget\" data-e-type=\"widget\" data-widget_type=\"heading.default\">\n\t\t\t\t<div class=\"elementor-widget-container\">\n\t\t\t\t\t<h2 class=\"elementor-heading-title elementor-size-default\"><a href=\"https:\/\/magyarpenclub.hu\/de\/kategorie\/nachrichten\/\">Nachrichten<\/a><\/h2>\t\t\t\t<\/div>\n\t\t\t\t<\/div>\n\t\t\t\t<div class=\"elementor-element elementor-element-be5bfbf elementor-widget elementor-widget-spacer\" data-id=\"be5bfbf\" data-element_type=\"widget\" data-e-type=\"widget\" data-widget_type=\"spacer.default\">\n\t\t\t\t<div class=\"elementor-widget-container\">\n\t\t\t\t\t\t\t<div class=\"elementor-spacer\">\n\t\t\t<div class=\"elementor-spacer-inner\"><\/div>\n\t\t<\/div>\n\t\t\t\t\t\t<\/div>\n\t\t\t\t<\/div>\n\t\t\t\t<div class=\"elementor-element elementor-element-b20b093 elementor-widget elementor-widget-spacer\" data-id=\"b20b093\" data-element_type=\"widget\" data-e-type=\"widget\" data-widget_type=\"spacer.default\">\n\t\t\t\t<div class=\"elementor-widget-container\">\n\t\t\t\t\t\t\t<div class=\"elementor-spacer\">\n\t\t\t<div class=\"elementor-spacer-inner\"><\/div>\n\t\t<\/div>\n\t\t\t\t\t\t<\/div>\n\t\t\t\t<\/div>\n\t\t\t\t\t<\/div>\n\t\t<\/div>\n\t\t\t\t\t<\/div>\n\t\t<\/section>\n\t\t\t\t<section class=\"elementor-section elementor-top-section elementor-element elementor-element-7e50cfd elementor-section-full_width elementor-section-height-default elementor-section-height-default\" data-id=\"7e50cfd\" data-element_type=\"section\" data-e-type=\"section\">\n\t\t\t\t\t\t<div class=\"elementor-container elementor-column-gap-wide\">\n\t\t\t\t\t<div class=\"elementor-column elementor-col-100 elementor-top-column elementor-element elementor-element-cc536e5\" data-id=\"cc536e5\" data-element_type=\"column\" data-e-type=\"column\">\n\t\t\t<div class=\"elementor-widget-wrap elementor-element-populated\">\n\t\t\t\t\t\t<div class=\"elementor-element elementor-element-b6216a0 elementor-widget elementor-widget-heading\" data-id=\"b6216a0\" data-element_type=\"widget\" data-e-type=\"widget\" data-widget_type=\"heading.default\">\n\t\t\t\t<div class=\"elementor-widget-container\">\n\t\t\t\t\t<h2 class=\"elementor-heading-title elementor-size-default\"><a href=\"https:\/\/magyarpenclub.hu\/de\/kategorie\/in-memoriam-de\/\">In memoriam<\/a><\/h2>\t\t\t\t<\/div>\n\t\t\t\t<\/div>\n\t\t\t\t\t<\/div>\n\t\t<\/div>\n\t\t\t\t\t<\/div>\n\t\t<\/section>\n\t\t\t\t<\/div>\n\t\t","protected":false},"excerpt":{"rendered":"<p>Willkommen auf derWebsite des ungarischen P.E.N.-Clubs.VeranstaltungenVergangene und kommende Veranstaltungen des P.E.N.-Clubs!Zu den VeranstaltungenEinf\u00fchrungGeschichte des P.E.N.-Clubsvon den Anf\u00e4ngen bis zur Gegenwart.MitgliederMitglieder des P.E.N.-ClubsDatenbank der MitgliederErinnerungsst\u00fcckeIn memoriamPEN Club Gedenkseite Toast Die verehrte Generalversammlung w\u00e4hlte am 28. Mai 2025 den Pr\u00e4sidenten des Ungarischen PEN-Clubs. In den vergangenen anderthalb Jahrzehnten habe ich als Generalsekret\u00e4r daf\u00fcr gewirkt, dass die traditionsreiche [&hellip;]<\/p>\n","protected":false},"author":1,"featured_media":6224,"parent":0,"menu_order":0,"comment_status":"closed","ping_status":"closed","template":"elementor_header_footer","meta":{"_acf_changed":false,"footnotes":""},"class_list":["post-7021","page","type-page","status-publish","has-post-thumbnail","hentry"],"acf":[],"yoast_head":"<!-- This site is optimized with the Yoast SEO plugin v27.5 - https:\/\/yoast.com\/product\/yoast-seo-wordpress\/ -->\n<title>Startseite - Magyar PEN Club<\/title>\n<meta name=\"description\" content=\"Willkommen auf der offiziellen Website des ungarischen P.E.N.-Clubs. Wir laden Sie ein, unsere Ver\u00f6ffentlichungen und Veranstaltungen zu lesen.\" \/>\n<meta name=\"robots\" content=\"index, follow, max-snippet:-1, max-image-preview:large, max-video-preview:-1\" \/>\n<link rel=\"canonical\" href=\"https:\/\/magyarpenclub.hu\/de\/\" \/>\n<meta property=\"og:locale\" content=\"de_DE\" \/>\n<meta property=\"og:type\" content=\"article\" \/>\n<meta property=\"og:title\" content=\"Startseite - Magyar PEN Club\" \/>\n<meta property=\"og:description\" content=\"Willkommen auf der offiziellen Website des ungarischen P.E.N.-Clubs. Wir laden Sie ein, unsere Ver\u00f6ffentlichungen und Veranstaltungen zu lesen.\" \/>\n<meta property=\"og:url\" content=\"https:\/\/magyarpenclub.hu\/de\/\" \/>\n<meta property=\"og:site_name\" content=\"Magyar PEN Club\" \/>\n<meta property=\"article:publisher\" content=\"https:\/\/www.facebook.com\/magyarpenclub\" \/>\n<meta property=\"article:modified_time\" content=\"2026-02-04T16:09:09+00:00\" \/>\n<meta property=\"og:image\" content=\"https:\/\/magyarpenclub.hu\/wp-content\/uploads\/2022\/05\/fountain-pen-antique-handwritten-letter.jpg\" \/>\n\t<meta property=\"og:image:width\" content=\"1900\" \/>\n\t<meta property=\"og:image:height\" content=\"1267\" \/>\n\t<meta property=\"og:image:type\" content=\"image\/jpeg\" \/>\n<meta name=\"twitter:card\" content=\"summary_large_image\" \/>\n<meta name=\"twitter:label1\" content=\"Gesch\u00e4tzte Lesezeit\" \/>\n\t<meta name=\"twitter:data1\" content=\"14\u00a0Minuten\" \/>\n<script type=\"application\/ld+json\" class=\"yoast-schema-graph\">{\"@context\":\"https:\\\/\\\/schema.org\",\"@graph\":[{\"@type\":\"WebPage\",\"@id\":\"https:\\\/\\\/magyarpenclub.hu\\\/de\\\/\",\"url\":\"https:\\\/\\\/magyarpenclub.hu\\\/de\\\/\",\"name\":\"Startseite - Magyar PEN Club\",\"isPartOf\":{\"@id\":\"https:\\\/\\\/magyarpenclub.hu\\\/de\\\/#website\"},\"primaryImageOfPage\":{\"@id\":\"https:\\\/\\\/magyarpenclub.hu\\\/de\\\/#primaryimage\"},\"image\":{\"@id\":\"https:\\\/\\\/magyarpenclub.hu\\\/de\\\/#primaryimage\"},\"thumbnailUrl\":\"https:\\\/\\\/magyarpenclub.hu\\\/wp-content\\\/uploads\\\/2022\\\/05\\\/fountain-pen-antique-handwritten-letter.jpg\",\"datePublished\":\"2021-05-02T12:06:03+00:00\",\"dateModified\":\"2026-02-04T16:09:09+00:00\",\"description\":\"Willkommen auf der offiziellen Website des ungarischen P.E.N.-Clubs. Wir laden Sie ein, unsere Ver\u00f6ffentlichungen und Veranstaltungen zu lesen.\",\"breadcrumb\":{\"@id\":\"https:\\\/\\\/magyarpenclub.hu\\\/de\\\/#breadcrumb\"},\"inLanguage\":\"de\",\"potentialAction\":[{\"@type\":\"ReadAction\",\"target\":[\"https:\\\/\\\/magyarpenclub.hu\\\/de\\\/\"]}]},{\"@type\":\"ImageObject\",\"inLanguage\":\"de\",\"@id\":\"https:\\\/\\\/magyarpenclub.hu\\\/de\\\/#primaryimage\",\"url\":\"https:\\\/\\\/magyarpenclub.hu\\\/wp-content\\\/uploads\\\/2022\\\/05\\\/fountain-pen-antique-handwritten-letter.jpg\",\"contentUrl\":\"https:\\\/\\\/magyarpenclub.hu\\\/wp-content\\\/uploads\\\/2022\\\/05\\\/fountain-pen-antique-handwritten-letter.jpg\",\"width\":1900,\"height\":1267,\"caption\":\"Fountain pen on an antique handwritten letter\"},{\"@type\":\"BreadcrumbList\",\"@id\":\"https:\\\/\\\/magyarpenclub.hu\\\/de\\\/#breadcrumb\",\"itemListElement\":[{\"@type\":\"ListItem\",\"position\":1,\"name\":\"Kezd\u0151lap\",\"item\":\"https:\\\/\\\/magyarpenclub.hu\\\/de\\\/\"},{\"@type\":\"ListItem\",\"position\":2,\"name\":\"Startseite\"}]},{\"@type\":\"WebSite\",\"@id\":\"https:\\\/\\\/magyarpenclub.hu\\\/de\\\/#website\",\"url\":\"https:\\\/\\\/magyarpenclub.hu\\\/de\\\/\",\"name\":\"Magyar PEN Club\",\"description\":\"H\u00edrek, k\u00f6zlem\u00e9nyek, \u00edr\u00e1sok\",\"publisher\":{\"@id\":\"https:\\\/\\\/magyarpenclub.hu\\\/de\\\/#organization\"},\"potentialAction\":[{\"@type\":\"SearchAction\",\"target\":{\"@type\":\"EntryPoint\",\"urlTemplate\":\"https:\\\/\\\/magyarpenclub.hu\\\/de\\\/?s={search_term_string}\"},\"query-input\":{\"@type\":\"PropertyValueSpecification\",\"valueRequired\":true,\"valueName\":\"search_term_string\"}}],\"inLanguage\":\"de\"},{\"@type\":\"Organization\",\"@id\":\"https:\\\/\\\/magyarpenclub.hu\\\/de\\\/#organization\",\"name\":\"Magyar P.E.N. Club\",\"url\":\"https:\\\/\\\/magyarpenclub.hu\\\/de\\\/\",\"logo\":{\"@type\":\"ImageObject\",\"inLanguage\":\"de\",\"@id\":\"https:\\\/\\\/magyarpenclub.hu\\\/de\\\/#\\\/schema\\\/logo\\\/image\\\/\",\"url\":\"https:\\\/\\\/magyarpenclub.hu\\\/wp-content\\\/uploads\\\/2022\\\/08\\\/magyar-pen-club-logo.png\",\"contentUrl\":\"https:\\\/\\\/magyarpenclub.hu\\\/wp-content\\\/uploads\\\/2022\\\/08\\\/magyar-pen-club-logo.png\",\"width\":195,\"height\":195,\"caption\":\"Magyar P.E.N. Club\"},\"image\":{\"@id\":\"https:\\\/\\\/magyarpenclub.hu\\\/de\\\/#\\\/schema\\\/logo\\\/image\\\/\"},\"sameAs\":[\"https:\\\/\\\/www.facebook.com\\\/magyarpenclub\",\"https:\\\/\\\/www.youtube.com\\\/channel\\\/UC8bw1YALHZZJCJ-7bqvlR6Q\"]}]}<\/script>\n<!-- \/ Yoast SEO plugin. -->","yoast_head_json":{"title":"Startseite - Magyar PEN Club","description":"Willkommen auf der offiziellen Website des ungarischen P.E.N.-Clubs. Wir laden Sie ein, unsere Ver\u00f6ffentlichungen und Veranstaltungen zu lesen.","robots":{"index":"index","follow":"follow","max-snippet":"max-snippet:-1","max-image-preview":"max-image-preview:large","max-video-preview":"max-video-preview:-1"},"canonical":"https:\/\/magyarpenclub.hu\/de\/","og_locale":"de_DE","og_type":"article","og_title":"Startseite - Magyar PEN Club","og_description":"Willkommen auf der offiziellen Website des ungarischen P.E.N.-Clubs. Wir laden Sie ein, unsere Ver\u00f6ffentlichungen und Veranstaltungen zu lesen.","og_url":"https:\/\/magyarpenclub.hu\/de\/","og_site_name":"Magyar PEN Club","article_publisher":"https:\/\/www.facebook.com\/magyarpenclub","article_modified_time":"2026-02-04T16:09:09+00:00","og_image":[{"width":1900,"height":1267,"url":"https:\/\/magyarpenclub.hu\/wp-content\/uploads\/2022\/05\/fountain-pen-antique-handwritten-letter.jpg","type":"image\/jpeg"}],"twitter_card":"summary_large_image","twitter_misc":{"Gesch\u00e4tzte Lesezeit":"14\u00a0Minuten"},"schema":{"@context":"https:\/\/schema.org","@graph":[{"@type":"WebPage","@id":"https:\/\/magyarpenclub.hu\/de\/","url":"https:\/\/magyarpenclub.hu\/de\/","name":"Startseite - Magyar PEN Club","isPartOf":{"@id":"https:\/\/magyarpenclub.hu\/de\/#website"},"primaryImageOfPage":{"@id":"https:\/\/magyarpenclub.hu\/de\/#primaryimage"},"image":{"@id":"https:\/\/magyarpenclub.hu\/de\/#primaryimage"},"thumbnailUrl":"https:\/\/magyarpenclub.hu\/wp-content\/uploads\/2022\/05\/fountain-pen-antique-handwritten-letter.jpg","datePublished":"2021-05-02T12:06:03+00:00","dateModified":"2026-02-04T16:09:09+00:00","description":"Willkommen auf der offiziellen Website des ungarischen P.E.N.-Clubs. Wir laden Sie ein, unsere Ver\u00f6ffentlichungen und Veranstaltungen zu lesen.","breadcrumb":{"@id":"https:\/\/magyarpenclub.hu\/de\/#breadcrumb"},"inLanguage":"de","potentialAction":[{"@type":"ReadAction","target":["https:\/\/magyarpenclub.hu\/de\/"]}]},{"@type":"ImageObject","inLanguage":"de","@id":"https:\/\/magyarpenclub.hu\/de\/#primaryimage","url":"https:\/\/magyarpenclub.hu\/wp-content\/uploads\/2022\/05\/fountain-pen-antique-handwritten-letter.jpg","contentUrl":"https:\/\/magyarpenclub.hu\/wp-content\/uploads\/2022\/05\/fountain-pen-antique-handwritten-letter.jpg","width":1900,"height":1267,"caption":"Fountain pen on an antique handwritten letter"},{"@type":"BreadcrumbList","@id":"https:\/\/magyarpenclub.hu\/de\/#breadcrumb","itemListElement":[{"@type":"ListItem","position":1,"name":"Kezd\u0151lap","item":"https:\/\/magyarpenclub.hu\/de\/"},{"@type":"ListItem","position":2,"name":"Startseite"}]},{"@type":"WebSite","@id":"https:\/\/magyarpenclub.hu\/de\/#website","url":"https:\/\/magyarpenclub.hu\/de\/","name":"Magyar PEN Club","description":"H\u00edrek, k\u00f6zlem\u00e9nyek, \u00edr\u00e1sok","publisher":{"@id":"https:\/\/magyarpenclub.hu\/de\/#organization"},"potentialAction":[{"@type":"SearchAction","target":{"@type":"EntryPoint","urlTemplate":"https:\/\/magyarpenclub.hu\/de\/?s={search_term_string}"},"query-input":{"@type":"PropertyValueSpecification","valueRequired":true,"valueName":"search_term_string"}}],"inLanguage":"de"},{"@type":"Organization","@id":"https:\/\/magyarpenclub.hu\/de\/#organization","name":"Magyar P.E.N. Club","url":"https:\/\/magyarpenclub.hu\/de\/","logo":{"@type":"ImageObject","inLanguage":"de","@id":"https:\/\/magyarpenclub.hu\/de\/#\/schema\/logo\/image\/","url":"https:\/\/magyarpenclub.hu\/wp-content\/uploads\/2022\/08\/magyar-pen-club-logo.png","contentUrl":"https:\/\/magyarpenclub.hu\/wp-content\/uploads\/2022\/08\/magyar-pen-club-logo.png","width":195,"height":195,"caption":"Magyar P.E.N. Club"},"image":{"@id":"https:\/\/magyarpenclub.hu\/de\/#\/schema\/logo\/image\/"},"sameAs":["https:\/\/www.facebook.com\/magyarpenclub","https:\/\/www.youtube.com\/channel\/UC8bw1YALHZZJCJ-7bqvlR6Q"]}]}},"_links":{"self":[{"href":"https:\/\/magyarpenclub.hu\/de\/wp-json\/wp\/v2\/pages\/7021","targetHints":{"allow":["GET"]}}],"collection":[{"href":"https:\/\/magyarpenclub.hu\/de\/wp-json\/wp\/v2\/pages"}],"about":[{"href":"https:\/\/magyarpenclub.hu\/de\/wp-json\/wp\/v2\/types\/page"}],"author":[{"embeddable":true,"href":"https:\/\/magyarpenclub.hu\/de\/wp-json\/wp\/v2\/users\/1"}],"replies":[{"embeddable":true,"href":"https:\/\/magyarpenclub.hu\/de\/wp-json\/wp\/v2\/comments?post=7021"}],"version-history":[{"count":12,"href":"https:\/\/magyarpenclub.hu\/de\/wp-json\/wp\/v2\/pages\/7021\/revisions"}],"predecessor-version":[{"id":13410,"href":"https:\/\/magyarpenclub.hu\/de\/wp-json\/wp\/v2\/pages\/7021\/revisions\/13410"}],"wp:featuredmedia":[{"embeddable":true,"href":"https:\/\/magyarpenclub.hu\/de\/wp-json\/wp\/v2\/media\/6224"}],"wp:attachment":[{"href":"https:\/\/magyarpenclub.hu\/de\/wp-json\/wp\/v2\/media?parent=7021"}],"curies":[{"name":"wp","href":"https:\/\/api.w.org\/{rel}","templated":true}]}}