{"id":12657,"date":"2024-11-21T11:02:11","date_gmt":"2024-11-21T11:02:11","guid":{"rendered":"https:\/\/magyarpenclub.hu\/tagok\/andras-racz\/"},"modified":"2024-11-21T11:02:11","modified_gmt":"2024-11-21T11:02:11","slug":"andras-racz","status":"publish","type":"tagok","link":"https:\/\/magyarpenclub.hu\/fr\/tagok\/andras-racz\/","title":{"rendered":"Andr\u00e1s R\u00e1cz"},"content":{"rendered":"<p>Pendant trente ans, j&rsquo;ai travaill\u00e9 comme journaliste, parfois comme \u00e9diteur de journaux et de livres. Au d\u00e9but des ann\u00e9es 2000, j&rsquo;ai fond\u00e9 ma propre soci\u00e9t\u00e9 d&rsquo;\u00e9dition de magazines et de livres, principalement pour publier le magazine pour enfants Mozaik et la s\u00e9rie de livres pour enfants associ\u00e9e \u00e0 la marque. Au cours de la derni\u00e8re d\u00e9cennie, j&rsquo;ai \u00e9t\u00e9 en contact avec des milliers de biblioth\u00e8ques publiques, scolaires et autres, d&rsquo;institutions culturelles, d&rsquo;\u00e9diteurs et d&rsquo;organisations d&rsquo;\u00e9dition de livres en Hongrie et ailleurs. En 2020, j&rsquo;ai \u00e9t\u00e9 approch\u00e9 par l&rsquo;agence litt\u00e9raire Pet\u0151fi pour participer \u00e0 l&rsquo;organisation de la plateforme culturelle Ship&rsquo;s Journal, qui venait d&rsquo;\u00eatre lanc\u00e9e. En 2022, j&rsquo;ai re\u00e7u une offre du r\u00e9dacteur en chef de Magyar Nemzet pour prendre en charge la gestion de la section culturelle du journal, mais en ao\u00fbt 2024, j&rsquo;ai quitt\u00e9 le journal et je ne suis plus que le r\u00e9dacteur en chef du Magazine de la culture du livre.         <\/p>\n","protected":false},"excerpt":{"rendered":"<p>Pendant trente ans, j&rsquo;ai travaill\u00e9 comme journaliste, parfois comme \u00e9diteur de journaux et de livres. Au d\u00e9but des ann\u00e9es 2000, j&rsquo;ai cr\u00e9\u00e9 ma propre soci\u00e9t\u00e9 d&rsquo;\u00e9dition de journaux et de livres, principalement Mozaik&#8230; <\/p>\n","protected":false},"featured_media":10652,"template":"","meta":{"_acf_changed":false},"dij-elismeres":[],"muveszet":[895,1868,982],"class_list":["post-12657","tagok","type-tagok","status-publish","has-post-thumbnail","hentry","muveszet-ecrivain","muveszet-essayiste","muveszet-journaliste"],"acf":[],"yoast_head":"<!-- This site is optimized with the Yoast SEO plugin v27.5 - https:\/\/yoast.com\/product\/yoast-seo-wordpress\/ -->\n<title>Andr\u00e1s R\u00e1cz<\/title>\n<meta name=\"description\" content=\"Pendant trente ans, j&#039;ai travaill\u00e9 comme journaliste, parfois comme \u00e9diteur de journaux et de livres. Au d\u00e9but des ann\u00e9es 2000, j&#039;ai cr\u00e9\u00e9 ma propre soci\u00e9t\u00e9 d&#039;\u00e9dition de journaux et de livres, principalement Mozaik...\" \/>\n<meta name=\"robots\" content=\"index, follow, max-snippet:-1, max-image-preview:large, max-video-preview:-1\" \/>\n<link rel=\"canonical\" href=\"https:\/\/magyarpenclub.hu\/fr\/tagok\/andras-racz\/\" \/>\n<meta property=\"og:locale\" content=\"fr_FR\" \/>\n<meta property=\"og:type\" content=\"article\" \/>\n<meta property=\"og:title\" content=\"Andr\u00e1s R\u00e1cz\" \/>\n<meta property=\"og:description\" content=\"Pendant trente ans, j&#039;ai travaill\u00e9 comme journaliste, parfois comme \u00e9diteur de journaux et de livres. Au d\u00e9but des ann\u00e9es 2000, j&#039;ai cr\u00e9\u00e9 ma propre soci\u00e9t\u00e9 d&#039;\u00e9dition de journaux et de livres, principalement Mozaik...\" \/>\n<meta property=\"og:url\" content=\"https:\/\/magyarpenclub.hu\/fr\/tagok\/andras-racz\/\" \/>\n<meta property=\"og:site_name\" content=\"Magyar PEN Club\" \/>\n<meta property=\"article:publisher\" content=\"https:\/\/www.facebook.com\/magyarpenclub\" \/>\n<meta property=\"og:image\" content=\"https:\/\/magyarpenclub.hu\/wp-content\/uploads\/2024\/11\/172787670078c318c420-portre-en.png\" \/>\n\t<meta property=\"og:image:width\" content=\"684\" \/>\n\t<meta property=\"og:image:height\" content=\"404\" \/>\n\t<meta property=\"og:image:type\" content=\"image\/png\" \/>\n<meta name=\"twitter:card\" content=\"summary_large_image\" \/>\n<meta name=\"twitter:label1\" content=\"Dur\u00e9e de lecture estim\u00e9e\" \/>\n\t<meta name=\"twitter:data1\" content=\"1 minute\" \/>\n<script type=\"application\/ld+json\" class=\"yoast-schema-graph\">{\"@context\":\"https:\\\/\\\/schema.org\",\"@graph\":[{\"@type\":\"WebPage\",\"@id\":\"https:\\\/\\\/magyarpenclub.hu\\\/fr\\\/tagok\\\/andras-racz\\\/\",\"url\":\"https:\\\/\\\/magyarpenclub.hu\\\/fr\\\/tagok\\\/andras-racz\\\/\",\"name\":\"Andr\u00e1s R\u00e1cz\",\"isPartOf\":{\"@id\":\"https:\\\/\\\/magyarpenclub.hu\\\/fr\\\/#website\"},\"primaryImageOfPage\":{\"@id\":\"https:\\\/\\\/magyarpenclub.hu\\\/fr\\\/tagok\\\/andras-racz\\\/#primaryimage\"},\"image\":{\"@id\":\"https:\\\/\\\/magyarpenclub.hu\\\/fr\\\/tagok\\\/andras-racz\\\/#primaryimage\"},\"thumbnailUrl\":\"https:\\\/\\\/magyarpenclub.hu\\\/wp-content\\\/uploads\\\/2024\\\/11\\\/172787670078c318c420-portre-en.png\",\"datePublished\":\"2024-11-21T11:02:11+00:00\",\"description\":\"Pendant trente ans, j'ai travaill\u00e9 comme journaliste, parfois comme \u00e9diteur de journaux et de livres. Au d\u00e9but des ann\u00e9es 2000, j'ai cr\u00e9\u00e9 ma propre soci\u00e9t\u00e9 d'\u00e9dition de journaux et de livres, principalement Mozaik...\",\"breadcrumb\":{\"@id\":\"https:\\\/\\\/magyarpenclub.hu\\\/fr\\\/tagok\\\/andras-racz\\\/#breadcrumb\"},\"inLanguage\":\"fr-FR\",\"potentialAction\":[{\"@type\":\"ReadAction\",\"target\":[\"https:\\\/\\\/magyarpenclub.hu\\\/fr\\\/tagok\\\/andras-racz\\\/\"]}]},{\"@type\":\"ImageObject\",\"inLanguage\":\"fr-FR\",\"@id\":\"https:\\\/\\\/magyarpenclub.hu\\\/fr\\\/tagok\\\/andras-racz\\\/#primaryimage\",\"url\":\"https:\\\/\\\/magyarpenclub.hu\\\/wp-content\\\/uploads\\\/2024\\\/11\\\/172787670078c318c420-portre-en.png\",\"contentUrl\":\"https:\\\/\\\/magyarpenclub.hu\\\/wp-content\\\/uploads\\\/2024\\\/11\\\/172787670078c318c420-portre-en.png\",\"width\":684,\"height\":404},{\"@type\":\"BreadcrumbList\",\"@id\":\"https:\\\/\\\/magyarpenclub.hu\\\/fr\\\/tagok\\\/andras-racz\\\/#breadcrumb\",\"itemListElement\":[{\"@type\":\"ListItem\",\"position\":1,\"name\":\"Kezd\u0151lap\",\"item\":\"https:\\\/\\\/magyarpenclub.hu\\\/fr\\\/\"},{\"@type\":\"ListItem\",\"position\":2,\"name\":\"Andr\u00e1s R\u00e1cz\"}]},{\"@type\":\"WebSite\",\"@id\":\"https:\\\/\\\/magyarpenclub.hu\\\/fr\\\/#website\",\"url\":\"https:\\\/\\\/magyarpenclub.hu\\\/fr\\\/\",\"name\":\"Magyar PEN Club\",\"description\":\"H\u00edrek, k\u00f6zlem\u00e9nyek, \u00edr\u00e1sok\",\"publisher\":{\"@id\":\"https:\\\/\\\/magyarpenclub.hu\\\/fr\\\/#organization\"},\"potentialAction\":[{\"@type\":\"SearchAction\",\"target\":{\"@type\":\"EntryPoint\",\"urlTemplate\":\"https:\\\/\\\/magyarpenclub.hu\\\/fr\\\/?s={search_term_string}\"},\"query-input\":{\"@type\":\"PropertyValueSpecification\",\"valueRequired\":true,\"valueName\":\"search_term_string\"}}],\"inLanguage\":\"fr-FR\"},{\"@type\":\"Organization\",\"@id\":\"https:\\\/\\\/magyarpenclub.hu\\\/fr\\\/#organization\",\"name\":\"Magyar P.E.N. Club\",\"url\":\"https:\\\/\\\/magyarpenclub.hu\\\/fr\\\/\",\"logo\":{\"@type\":\"ImageObject\",\"inLanguage\":\"fr-FR\",\"@id\":\"https:\\\/\\\/magyarpenclub.hu\\\/fr\\\/#\\\/schema\\\/logo\\\/image\\\/\",\"url\":\"https:\\\/\\\/magyarpenclub.hu\\\/wp-content\\\/uploads\\\/2022\\\/08\\\/magyar-pen-club-logo.png\",\"contentUrl\":\"https:\\\/\\\/magyarpenclub.hu\\\/wp-content\\\/uploads\\\/2022\\\/08\\\/magyar-pen-club-logo.png\",\"width\":195,\"height\":195,\"caption\":\"Magyar P.E.N. Club\"},\"image\":{\"@id\":\"https:\\\/\\\/magyarpenclub.hu\\\/fr\\\/#\\\/schema\\\/logo\\\/image\\\/\"},\"sameAs\":[\"https:\\\/\\\/www.facebook.com\\\/magyarpenclub\",\"https:\\\/\\\/www.youtube.com\\\/channel\\\/UC8bw1YALHZZJCJ-7bqvlR6Q\"]}]}<\/script>\n<!-- \/ Yoast SEO plugin. -->","yoast_head_json":{"title":"Andr\u00e1s R\u00e1cz","description":"Pendant trente ans, j'ai travaill\u00e9 comme journaliste, parfois comme \u00e9diteur de journaux et de livres. Au d\u00e9but des ann\u00e9es 2000, j'ai cr\u00e9\u00e9 ma propre soci\u00e9t\u00e9 d'\u00e9dition de journaux et de livres, principalement Mozaik...","robots":{"index":"index","follow":"follow","max-snippet":"max-snippet:-1","max-image-preview":"max-image-preview:large","max-video-preview":"max-video-preview:-1"},"canonical":"https:\/\/magyarpenclub.hu\/fr\/tagok\/andras-racz\/","og_locale":"fr_FR","og_type":"article","og_title":"Andr\u00e1s R\u00e1cz","og_description":"Pendant trente ans, j'ai travaill\u00e9 comme journaliste, parfois comme \u00e9diteur de journaux et de livres. Au d\u00e9but des ann\u00e9es 2000, j'ai cr\u00e9\u00e9 ma propre soci\u00e9t\u00e9 d'\u00e9dition de journaux et de livres, principalement Mozaik...","og_url":"https:\/\/magyarpenclub.hu\/fr\/tagok\/andras-racz\/","og_site_name":"Magyar PEN Club","article_publisher":"https:\/\/www.facebook.com\/magyarpenclub","og_image":[{"width":684,"height":404,"url":"https:\/\/magyarpenclub.hu\/wp-content\/uploads\/2024\/11\/172787670078c318c420-portre-en.png","type":"image\/png"}],"twitter_card":"summary_large_image","twitter_misc":{"Dur\u00e9e de lecture estim\u00e9e":"1 minute"},"schema":{"@context":"https:\/\/schema.org","@graph":[{"@type":"WebPage","@id":"https:\/\/magyarpenclub.hu\/fr\/tagok\/andras-racz\/","url":"https:\/\/magyarpenclub.hu\/fr\/tagok\/andras-racz\/","name":"Andr\u00e1s R\u00e1cz","isPartOf":{"@id":"https:\/\/magyarpenclub.hu\/fr\/#website"},"primaryImageOfPage":{"@id":"https:\/\/magyarpenclub.hu\/fr\/tagok\/andras-racz\/#primaryimage"},"image":{"@id":"https:\/\/magyarpenclub.hu\/fr\/tagok\/andras-racz\/#primaryimage"},"thumbnailUrl":"https:\/\/magyarpenclub.hu\/wp-content\/uploads\/2024\/11\/172787670078c318c420-portre-en.png","datePublished":"2024-11-21T11:02:11+00:00","description":"Pendant trente ans, j'ai travaill\u00e9 comme journaliste, parfois comme \u00e9diteur de journaux et de livres. Au d\u00e9but des ann\u00e9es 2000, j'ai cr\u00e9\u00e9 ma propre soci\u00e9t\u00e9 d'\u00e9dition de journaux et de livres, principalement Mozaik...","breadcrumb":{"@id":"https:\/\/magyarpenclub.hu\/fr\/tagok\/andras-racz\/#breadcrumb"},"inLanguage":"fr-FR","potentialAction":[{"@type":"ReadAction","target":["https:\/\/magyarpenclub.hu\/fr\/tagok\/andras-racz\/"]}]},{"@type":"ImageObject","inLanguage":"fr-FR","@id":"https:\/\/magyarpenclub.hu\/fr\/tagok\/andras-racz\/#primaryimage","url":"https:\/\/magyarpenclub.hu\/wp-content\/uploads\/2024\/11\/172787670078c318c420-portre-en.png","contentUrl":"https:\/\/magyarpenclub.hu\/wp-content\/uploads\/2024\/11\/172787670078c318c420-portre-en.png","width":684,"height":404},{"@type":"BreadcrumbList","@id":"https:\/\/magyarpenclub.hu\/fr\/tagok\/andras-racz\/#breadcrumb","itemListElement":[{"@type":"ListItem","position":1,"name":"Kezd\u0151lap","item":"https:\/\/magyarpenclub.hu\/fr\/"},{"@type":"ListItem","position":2,"name":"Andr\u00e1s R\u00e1cz"}]},{"@type":"WebSite","@id":"https:\/\/magyarpenclub.hu\/fr\/#website","url":"https:\/\/magyarpenclub.hu\/fr\/","name":"Magyar PEN Club","description":"H\u00edrek, k\u00f6zlem\u00e9nyek, \u00edr\u00e1sok","publisher":{"@id":"https:\/\/magyarpenclub.hu\/fr\/#organization"},"potentialAction":[{"@type":"SearchAction","target":{"@type":"EntryPoint","urlTemplate":"https:\/\/magyarpenclub.hu\/fr\/?s={search_term_string}"},"query-input":{"@type":"PropertyValueSpecification","valueRequired":true,"valueName":"search_term_string"}}],"inLanguage":"fr-FR"},{"@type":"Organization","@id":"https:\/\/magyarpenclub.hu\/fr\/#organization","name":"Magyar P.E.N. Club","url":"https:\/\/magyarpenclub.hu\/fr\/","logo":{"@type":"ImageObject","inLanguage":"fr-FR","@id":"https:\/\/magyarpenclub.hu\/fr\/#\/schema\/logo\/image\/","url":"https:\/\/magyarpenclub.hu\/wp-content\/uploads\/2022\/08\/magyar-pen-club-logo.png","contentUrl":"https:\/\/magyarpenclub.hu\/wp-content\/uploads\/2022\/08\/magyar-pen-club-logo.png","width":195,"height":195,"caption":"Magyar P.E.N. Club"},"image":{"@id":"https:\/\/magyarpenclub.hu\/fr\/#\/schema\/logo\/image\/"},"sameAs":["https:\/\/www.facebook.com\/magyarpenclub","https:\/\/www.youtube.com\/channel\/UC8bw1YALHZZJCJ-7bqvlR6Q"]}]}},"_links":{"self":[{"href":"https:\/\/magyarpenclub.hu\/fr\/wp-json\/wp\/v2\/tagok\/12657","targetHints":{"allow":["GET"]}}],"collection":[{"href":"https:\/\/magyarpenclub.hu\/fr\/wp-json\/wp\/v2\/tagok"}],"about":[{"href":"https:\/\/magyarpenclub.hu\/fr\/wp-json\/wp\/v2\/types\/tagok"}],"version-history":[{"count":0,"href":"https:\/\/magyarpenclub.hu\/fr\/wp-json\/wp\/v2\/tagok\/12657\/revisions"}],"wp:featuredmedia":[{"embeddable":true,"href":"https:\/\/magyarpenclub.hu\/fr\/wp-json\/wp\/v2\/media\/10652"}],"wp:attachment":[{"href":"https:\/\/magyarpenclub.hu\/fr\/wp-json\/wp\/v2\/media?parent=12657"}],"wp:term":[{"taxonomy":"dij-elismeres","embeddable":true,"href":"https:\/\/magyarpenclub.hu\/fr\/wp-json\/wp\/v2\/dij-elismeres?post=12657"},{"taxonomy":"muveszet","embeddable":true,"href":"https:\/\/magyarpenclub.hu\/fr\/wp-json\/wp\/v2\/muveszet?post=12657"}],"curies":[{"name":"wp","href":"https:\/\/api.w.org\/{rel}","templated":true}]}}